{"id":151,"date":"2024-04-30T17:55:19","date_gmt":"2024-04-30T17:55:19","guid":{"rendered":"https:\/\/39866532.servicio-online.net\/arquitecturaminima\/?page_id=151"},"modified":"2024-07-19T09:59:12","modified_gmt":"2024-07-19T09:59:12","slug":"como-trabajamos","status":"publish","type":"page","link":"https:\/\/tietarentransicion.org\/index.php\/como-trabajamos\/","title":{"rendered":"C\u00f3mo Trabajamos"},"content":{"rendered":"<p>[et_pb_section fb_built=\u00bb1&#8243; admin_label=\u00bbsection\u00bb _builder_version=\u00bb4.2.2&#8243; background_color=\u00bb#44580e\u00bb background_image=\u00bbhttps:\/\/tietarentransicion.org\/wp-content\/uploads\/2024\/04\/Diseno-sin-titulo-1.jpg\u00bb custom_padding=\u00bb198px||119px|||\u00bb][et_pb_row _builder_version=\u00bb4.2.2&#8243; min_height=\u00bb238px\u00bb custom_margin=\u00bb-196px|auto||auto||\u00bb custom_padding=\u00bb367px||3px|||\u00bb][et_pb_column type=\u00bb4_4&#8243; _builder_version=\u00bb4.2.2&#8243;][et_pb_text content_tablet=\u00bb<\/p>\n<h1 style=%22text-align: center;%22><strong>C\u00d3MO TRABAJAMOS<\/strong><\/h1>\n<p>\u00bb content_phone=\u00bb<\/p>\n<h1 style=%22text-align: center;%22><strong>C\u00d3MO TRABAJAMOS<\/strong><\/h1>\n<p>\u00bb content_last_edited=\u00bbon|desktop\u00bb _builder_version=\u00bb4.2.2&#8243; header_text_color=\u00bb#ffffff\u00bb header_font_size=\u00bb48px\u00bb header_line_height=\u00bb1.4em\u00bb header_2_text_color=\u00bb#ffffff\u00bb header_2_font_size=\u00bb39px\u00bb header_2_line_height=\u00bb1.2em\u00bb custom_margin=\u00bb-177px||-13px|||\u00bb header_font_size_tablet=\u00bb40px\u00bb header_font_size_phone=\u00bb34px\u00bb header_font_size_last_edited=\u00bbon|phone\u00bb header_text_shadow_style=\u00bbpreset1&#8243;]<\/p>\n<h1 style=\"text-align: center;\"><strong>C\u00d3MO TRABAJAMOS<\/strong><\/h1>\n<p>[\/et_pb_text][\/et_pb_column][\/et_pb_row][\/et_pb_section][et_pb_section fb_built=\u00bb1&#8243; _builder_version=\u00bb4.2.2&#8243; background_color=\u00bbrgba(0,0,0,0.02)\u00bb custom_padding=\u00bb0px|||||\u00bb][et_pb_row _builder_version=\u00bb4.2.2&#8243; custom_margin=\u00bb3px|411px||auto||\u00bb][et_pb_column type=\u00bb4_4&#8243; _builder_version=\u00bb4.2.2&#8243;][et_pb_text _builder_version=\u00bb4.2.2&#8243; header_2_font=\u00bbVerdana||||||||\u00bb header_2_text_color=\u00bb#398d73&#8243; header_2_font_size=\u00bb31px\u00bb]<\/p>\n<h2 data-dnid=\"30145\"><strong>Introducci\u00f3n<\/strong><\/h2>\n<p class=\"wb-stl-custom33\" data-dnid=\"30145\"><strong>Somos vecinas y vecinos<\/strong>\u00a0de diferentes poblaciones\u00a0<strong>del Valle del Ti\u00e9tar<\/strong>, que hemos iniciado un recorrido en com\u00fan para promover estrategias y proyectos que permitan la transformaci\u00f3n del Valle\u00a0<strong>hacia la sostenibilidad<\/strong>; con el objetivo \u00faltimo de poner la Sociedad y la Econom\u00eda del Valle al servicio del bien com\u00fan de forma igualitaria. Creando sentimiento de comunidad\u00a0<strong>y<\/strong>\u00a0<strong>calidad de vida para todas las personas que lo habitan.<\/strong><\/p>\n<p class=\"wb-stl-custom33\" data-dnid=\"30149\">La Plataforma tendr\u00e1\u00a0<strong>autonom\u00eda<\/strong> organizativa y decisoria y no estar\u00e1 ni sujeta ni subordinada a ninguna entidad p\u00fablica, partido pol\u00edtico, organizaci\u00f3n sindical o grupo empresarial, para poder as\u00ed fijar libremente sus objetivos, estrategias y acciones. Sin \u00f3bice, l\u00f3gicamente, de que se pueda llegar de forma p\u00fablica y transparente a acuerdos puntuales o a acciones comunes con dichas entidades.<\/p>\n<p class=\"wb-stl-custom33\" data-dnid=\"30155\">Desde sus principios, el grupo promotor de la Plataforma Valle del Ti\u00e9tar en Transici\u00f3n est\u00e1 respaldado y asesorado por unas veinte personas con experiencia de muchos a\u00f1os como t\u00e9cnicos de monte y de desarrollo rural, productores agro-ganaderos, gerentes empresariales, profesores y educadores ambientales, soci\u00f3logos, arquitectos y urbanistas, ge\u00f3grafos, expertos en telem\u00e1tica y eco turismo, y artistas audiovisuales.<\/p>\n<p>[\/et_pb_text][et_pb_text _builder_version=\u00bb4.2.2&#8243; header_2_font=\u00bbVerdana||||||||\u00bb header_2_text_color=\u00bb#398d73&#8243; header_2_font_size=\u00bb31px\u00bb custom_padding=\u00bb2px|||||\u00bb]<\/p>\n<p><span style=\"font-size: 14px;\">Para realizar un cambio efectivo de esta envergadura que cale en la Comarca, desde la <\/span><em style=\"font-size: 14px;\">Plataforma Valle del Ti\u00e9tar en Transici\u00f3n<\/em><span style=\"font-size: 14px;\"> se entiende que es fundamental <\/span><strong style=\"font-size: 14px;\">implicar a los distintos agentes sociales <\/strong><span style=\"font-size: 14px;\">(poblaci\u00f3n local y temporal, instituciones, expertos, asociaciones, cooperativas, empresas&#8230;), creando sinergias, uniendo la ilusi\u00f3n y el esfuerzo constante con los <\/span><strong style=\"font-size: 14px;\">saberes populares y acad\u00e9micos<\/strong><span style=\"font-size: 14px;\">, las <\/span><strong style=\"font-size: 14px;\">iniciativas ya existentes <\/strong><span style=\"font-size: 14px;\">y las propuestas <\/span><strong style=\"font-size: 14px;\">innovadoras<\/strong><span style=\"font-size: 14px;\">.<\/span><\/p>\n<p>Durante siglos las comunidades rurales, sus comarcas diversas, han desarrollado formas de vivir, y toda una <strong>cultura de utilizaci\u00f3n de los recursos disponibles,<\/strong> a partir del <strong>conocimiento pr\u00e1ctico e inteligente del medio natural inmediato<\/strong>. Un conocimiento que se ido acumulando y trasmitiendo generaci\u00f3n tras generaci\u00f3n, y que abarcaba desde la gesti\u00f3n del agua y los residuos, a la arquitectura, pasando por la silvicultura, la gesti\u00f3n forestal, la agricultura, la ganader\u00eda, etc.<\/p>\n<p>En este momento, tenemos el <strong>reto de saber identificar, reconocer y hacer revivir todo aquel patrimonio cultural, <\/strong>que es mucho m\u00e1s que un elemento de identidad colectiva e inter\u00e9s etnogr\u00e1fico. Todos esos conocimientos constituyen recursos propios, aut\u00f3ctonos, de los que estar orgullosos, y en los que encontrar inspiraci\u00f3n para afrontar dicha transici\u00f3n, que en buena medida tendr\u00e1 que desenvolverse como un desarrollo end\u00f3geno.<\/p>\n<blockquote>\n<p>La Plataforma Valle del Ti\u00e9tar en Transici\u00f3n invita a la participaci\u00f3n de aquellas personas que compartan estas inquietudes e ilusiones. Es importante darnos prisa en actuar y sumar fuerzas.<\/p>\n<\/blockquote>\n<p>&nbsp;<\/p>\n<p>[\/et_pb_text][et_pb_divider _builder_version=\u00bb4.2.2&#8243;][\/et_pb_divider][et_pb_text _builder_version=\u00bb4.2.2&#8243; header_2_font=\u00bbVerdana||||||||\u00bb header_2_text_color=\u00bb#398d73&#8243; header_2_font_size=\u00bb31px\u00bb custom_padding=\u00bb2px|||||\u00bb]<\/p>\n<blockquote>\n<h3><a href=\"https:\/\/tietarentransicion.org\/wp-content\/uploads\/2024\/04\/Estatutos-PVTT.pdf\"><strong>Conoce nuestros estatutos<\/strong><\/a><\/h3>\n<h3><a href=\"https:\/\/tietarentransicion.org\/wp-content\/uploads\/2024\/04\/organigrama-PVTT-scaled.jpg\"><strong>Nuestro Organigrama<\/strong><\/a><\/h3>\n<\/blockquote>\n<p>[\/et_pb_text][\/et_pb_column][\/et_pb_row][et_pb_row _builder_version=\u00bb4.2.2&#8243; custom_margin=\u00bb|411px||auto||\u00bb][et_pb_column type=\u00bb4_4&#8243; _builder_version=\u00bb4.2.2&#8243;][et_pb_divider _builder_version=\u00bb4.2.2&#8243;][\/et_pb_divider][et_pb_text admin_label=\u00bbCOMO FUNCIONA\u00bb _builder_version=\u00bb4.2.2&#8243; header_2_font=\u00bbVerdana||||||||\u00bb header_2_text_color=\u00bb#398d73&#8243; header_2_font_size=\u00bb31px\u00bb hover_enabled=\u00bb0&#8243;]<\/p>\n<h2><strong>\u00bfC\u00f3mo va a trabajar la Plataforma?\u00a0<\/strong><\/h2>\n<p><span style=\"font-weight: 400;\">La Plataforma pretende ser una estructura \u00e1gil y sencilla pero con vocaci\u00f3n de <\/span><b>estabilidad<\/b><span style=\"font-weight: 400;\">. No se trata s\u00f3lo de realizar una campa\u00f1a o de dar vida a una serie de charlas o iniciativas aisladas.\u00a0<\/span><\/p>\n<p><b>La Plataforma no tiene \u00e1nimo de lucro<\/b><span style=\"font-weight: 400;\">, la totalidad de los fondos o ingresos que podamos conseguir ser\u00e1n empleados en los proyectos o programas de desarrollo local, sensibilizaci\u00f3n y educaci\u00f3n y, en \u00faltima instancia, en el funcionamiento y en las actividades de gesti\u00f3n de la Plataforma misma. Para poder manejar legalmente posibles fondos, se ha dado de alta formalmente en el Registro Nacional de Asociaciones.\u00a0<\/span><\/p>\n<p><span style=\"font-weight: 400;\">Como Plataforma tenemos una <\/span><b>firme voluntad de cambio, de transformaci\u00f3n y mejora social y ambiental, basadas en la participaci\u00f3n activa en la vida de nuestra Comarca.<\/b><span style=\"font-weight: 400;\"> Los principios rectores ser\u00e1n la equidad y la igualdad entre hombres y mujeres, el respeto a nuestro patrimonio natural y la promoci\u00f3n de la biodiversidad.\u00a0<\/span><\/p>\n<p><span style=\"font-weight: 400;\">Pretendemos tener <\/span><b>respaldo, presencia y protagonismo social<\/b><span style=\"font-weight: 400;\">. No s\u00f3lo ser un grupo de personas expertas y de activistas encapsulados. La capacidad de escucha y la participaci\u00f3n activa de sectores de la poblaci\u00f3n son requisitos indispensables de nuestro planteamiento y de nuestro accionar. Por estas razones entendemos que el establecer sinergias, acuerdos y alianzas va a ser inherente y primordial para la estrategia de Transici\u00f3n que anhelamos.\u00a0<\/span><\/p>\n<p><span style=\"font-weight: 400;\">Ser\u00e1 de vital importancia albergar y mantener viva una visi\u00f3n, unos principios e ideales, que se mantengan vigentes y que se revisen y se compartan. La visi\u00f3n, y los ideales son los puntos en com\u00fan que anclan a las personas y dan sentido a una propuesta social y organizativa. Se trata de la Misi\u00f3n, o de su \u00c9pica. A veces, el hecho de centrarse en los resultados parciales hace perder el verdadero centro de la experiencia compartida. <\/span><b>El liderazgo que pueda tener la Plataforma es aquel que mantiene viva la creaci\u00f3n de esa visi\u00f3n conjunta para nuestra Comarca.\u00a0<\/b><\/p>\n<p><span style=\"font-weight: 400;\">Por esta raz\u00f3n, nuestros principios firmes y nuestra necesaria determinaci\u00f3n deber\u00e1n de ir acompa\u00f1ados de capacidad de comunicaci\u00f3n y de habilidades de modulaci\u00f3n y flexibilidad.\u00a0<\/span><\/p>\n<p><span style=\"font-weight: 400;\">El bamb\u00fa es una buena met\u00e1fora sobre la resiliencia. se dobla pero no se rompe y vuelve naturalmente a una posici\u00f3n erecta. Encontrarse en espacios de colaboraci\u00f3n o participaci\u00f3n implica un constante ejercicio de empat\u00eda, flexibilidad y creatividad.\u00a0<\/span><\/p>\n<p><span style=\"font-weight: 400;\">Otras claves de la Plataforma van a ser la transparencia y la transversalidad. La Plataforma tendr\u00e1 autonom\u00eda organizativa y decisoria respecto de cualquier instancia institucional o empresarial. Lo que, dicho de otra manera, significa que <\/span><b>la Plataforma no estar\u00e1 ni sujeta ni subordinada a ninguna entidad p\u00fablica, partido pol\u00edtico, organizaci\u00f3n sindical o grupo empresarial<\/b><span style=\"font-weight: 400;\">, para poder as\u00ed fijar libremente sus objetivos, estrategias y acciones. Sin \u00f3bice, l\u00f3gicamente, de que se pueda llegar de forma p\u00fablica y transparente a acuerdos puntuales o a acciones comunes con dichas entidades.\u00a0<\/span><\/p>\n<p><span style=\"font-weight: 400;\">La vocaci\u00f3n de la Plataforma que planteamos es ir aumentando de forma progresiva, tranquila y \u201csostenible\u201d sus capacidades de intervenci\u00f3n en el Valle del Ti\u00e9tar; de socializar y generalizar entre los vecinos y vecinas sus planteamientos e ideario; de <\/span><b>incorporar cada vez m\u00e1s personas asociadas y desarrollar m\u00e1s y mejores pr\u00e1cticas.<\/b><span style=\"font-weight: 400;\"> En este sentido, ser\u00e1n muy apreciadas las aportaciones tanto cient\u00edficas y de conocimiento concreto, como econ\u00f3micas y de trabajo voluntario. Gracias a la evaluaci\u00f3n permanente de nuestra labor, iremos consolidando la construcci\u00f3n de conocimiento y de capacidades: reforzar la adquisici\u00f3n colectiva de capacidades ser\u00e1 decisivo para cambiar la pr\u00e1ctica social, rompiendo el ciclo cerrado de la reiteraci\u00f3n, de la impotencia y de la simplista transmisi\u00f3n vertical de conocimiento, de informaci\u00f3n y de auto-reproducci\u00f3n ideol\u00f3gica.\u00a0<\/span><\/p>\n<p><span style=\"font-weight: 400;\">La Plataforma se compromete a <\/span><b>actuar con mecanismos transparentes, igualitarios y participativos<\/b><span style=\"font-weight: 400;\">, y los componentes de la Junta Directiva de la Asociaci\u00f3n legalmente constituida que la promueve y respalda ser\u00e1n voluntarias\/os (una vez m\u00e1s sin perjuicio de las eventuales y oportunas compensaciones originadas por los gastos derivados de su cargo). La transparencia como norma se aplicar\u00e1 en la Plataforma a su pol\u00edtica, sus pr\u00e1cticas y sus presupuestos.\u00a0<\/span><\/p>\n<p><span style=\"font-weight: 400;\">Como pone negro sobre blanco nuestros Estatutos, presentado a las instancias oficiales, las finalidades de la Plataforma Valle del Ti\u00e9tar en Transici\u00f3n se pueden resumir en:\u00a0\u00a0<\/span><\/p>\n<ul>\n<li style=\"font-weight: 400;\" aria-level=\"1\"><span style=\"font-weight: 400;\">La transici\u00f3n del Valle hacia una nueva forma de desarrollo que ponga en el centro la vida y la naturaleza, con una econom\u00eda autosuficiente, capaz de satisfacer por sus propios medios, o mediante recursos cercanos, las necesidades de todas las personas que lo habitan.\u00a0\u00a0<\/span><\/li>\n<li style=\"font-weight: 400;\" aria-level=\"1\"><span style=\"font-weight: 400;\">Atraer al Valle iniciativas capaces de crear empleo estable y sostenible, repartido y retribuido de forma igualitaria entre hombres y mujeres.\u00a0\u00a0<\/span><\/li>\n<li style=\"font-weight: 400;\" aria-level=\"1\"><span style=\"font-weight: 400;\">Garantizar, en un nuevo equilibrio socio- territorial, el derecho a la salud, la educaci\u00f3n y la cultura de los habitantes del Valle.\u00a0\u00a0<\/span><\/li>\n<li style=\"font-weight: 400;\" aria-level=\"1\"><span style=\"font-weight: 400;\">Generalizar las t\u00e9cnicas agr\u00edcolas y ganaderas respetuosas con el medio ambiente para producir alimentos de la m\u00e1xima calidad.\u00a0\u00a0<\/span><\/li>\n<li style=\"font-weight: 400;\" aria-level=\"1\"><span style=\"font-weight: 400;\">Reducir la huella ecol\u00f3gica minimizando la importaci\u00f3n de bienes y servicios y fomentando el comercio de proximidad.\u00a0\u00a0<\/span><\/li>\n<li style=\"font-weight: 400;\" aria-level=\"1\"><span style=\"font-weight: 400;\">Aplicar los criterios de la econom\u00eda circular y de bajo impacto ambiental, minimizando el consumo de recursos y tratando de no generar ning\u00fan residuo.\u00a0\u00a0<\/span><\/li>\n<li style=\"font-weight: 400;\" aria-level=\"1\"><span style=\"font-weight: 400;\">Promover la generaci\u00f3n propia de energ\u00edas renovables y el consumo de energ\u00eda generada de forma cooperativa.\u00a0\u00a0<\/span><\/li>\n<li style=\"font-weight: 400;\" aria-level=\"1\"><span style=\"font-weight: 400;\">Establecer un sistema de transporte sostenible y suficiente, alternativo al actual, que permita la movilidad y la comunicaci\u00f3n entre los municipios del Valle.\u00a0\u00a0<\/span><\/li>\n<li style=\"font-weight: 400;\" aria-level=\"1\"><span style=\"font-weight: 400;\">Poner la sociedad y la econom\u00eda del Valle al servicio del bien com\u00fan de forma igualitaria, asumiendo que los cuidados de las personas y del com\u00fan es una tarea que nos compete por igual a los hombres y las mujeres.\u00a0<\/span><\/li>\n<\/ul>\n<h2><\/h2>\n<h2><span style=\"font-weight: 400;\">Qui\u00e9nes pueden ser socios\/socias<\/span><\/h2>\n<p><b>Todas aquellas personas que estando de acuerdo con los objetivos y las propuestas de la Plataforma, rellenen la hoja de inscripci\u00f3n y paguen la cuota anual.\u00a0<\/b><\/p>\n<p><span style=\"font-weight: 400;\">En cuanto a otros grupos y entidades se podr\u00e1n establecer \u00e1mbitos de colaboraci\u00f3n, preferentemente mediante convenios, pero no se integrar\u00edan como socios.\u00a0<\/span><\/p>\n<p>Si deseas asociarte puedes escribirnos a:\u00a0<a href=\"mailto:secretaria@tietarentransicion.org\" target=\"_blank\" rel=\"noopener\">secretaria@tietarentransicion.org<\/a><span style=\"font-weight: 400;\"><\/span><\/p>\n<h2><\/h2>\n<h2><span style=\"font-weight: 400;\">Asamblea y comisiones de trabajo de la Plataforma Valle del Ti\u00e9tar en Transici\u00f3n<\/span><\/h2>\n<p><span style=\"font-weight: 400;\">El espacio de toma de decisiones es la <\/span><b>Asamblea General de la Plataforma Valle del Ti\u00e9tar en Transici\u00f3n.<\/b><span style=\"font-weight: 400;\"> Se celebra cada seis meses (dos convocatorias por a\u00f1o) y su papel es clave en la estrategia general y en la formulaci\u00f3n de propuestas, en cuanto la Asamblea <\/span><b>eval\u00faa lo conseguido y aprueba el programa a realizar.<\/b><span style=\"font-weight: 400;\"> El funcionamiento se basa en el debate franco, la confianza y la lealtad entre sus miembros. Para la aprobaci\u00f3n de una propuesta se requerir\u00e1 la mayor\u00eda de los votos de los socios\/as presentes\u00a0<\/span><\/p>\n<h2><\/h2>\n<h2><span style=\"font-weight: 400;\">Comisiones Tem\u00e1ticas de trabajo\u00a0<\/span><\/h2>\n<p><span style=\"font-weight: 400;\">En su hacer cotidiano la Plataforma se organizar\u00e1 y funcionar\u00e1 en Comisiones Tem\u00e1ticas, coincidentes con las l\u00edneas de trabajo fundamentales a desarrollar. Este ser\u00e1 el espacio fundamental de participaci\u00f3n de socios y socias y abierto a todo tipo de colaboraci\u00f3n. Todas las Comisiones Tem\u00e1ticas contar\u00e1n con la presencia de al menos un miembro fundador de la Asociaci\u00f3n, con una doble funci\u00f3n:<\/span><\/p>\n<p><span style=\"font-weight: 400;\">1) Representar al conjunto de la Plataforma en esa Comisi\u00f3n<br \/> <\/span>2) Ser portavoz de las propuestas, demandas e iniciativas concretas de esa Comisi\u00f3n Tem\u00e1tica.<\/p>\n<p><span style=\"font-weight: 400;\">La idea es, dentro del \u00e1mbito espec\u00edfico de cada Comisi\u00f3n, evitar la estanqueidad y el funcionamiento a espaldas del resto de las Comisiones, para poder construir un proyecto en com\u00fan en el que se puedan desarrollar las tareas pedag\u00f3gicas y de concienciaci\u00f3n que constituyen un objetivo nuclear de la Plataforma.\u00a0<\/span><\/p>\n<p><span style=\"font-weight: 400;\">En resumen, las funciones de las Comisiones son:\u00a0<\/span><\/p>\n<ul>\n<li><span style=\"font-weight: 400;\">Identificar las medidas clave para la conformaci\u00f3n de los programas y proyectos en las diversas tem\u00e1ticas espec\u00edficas, realizar el estudio econ\u00f3mico y jur\u00eddico oportuno, establecer el calendario de propuestas y aplicaci\u00f3n, ser la cara visible de la Plataforma en las relaciones con asociaciones sociales, sindicales y en los foros telem\u00e1ticos.\u00a0<\/span><\/li>\n<li><span style=\"font-weight: 400;\">Articular, concretar y difundir el discurso y las propuestas de la Plataforma como eje vertebrador e idiosincr\u00e1sico para una aut\u00e9ntica estrategia comarcal.\u00a0<\/span><\/li>\n<li><span style=\"font-weight: 400;\">Establecer y mantener la interlocuci\u00f3n, escucha y di\u00e1logo con los tejidos asociativos y la sociedad civil, para ir recabando y compatibilizando las diversas propuestas.\u00a0<\/span><\/li>\n<\/ul>\n<p><span style=\"font-weight: 400;\">Cada Comisi\u00f3n Tem\u00e1tica elegir\u00e1 un Coordinador\/a o un Equipo de Coordinaci\u00f3n.\u00a0<\/span><\/p>\n<p><span style=\"font-weight: 400;\">Desde la Coordinaci\u00f3n, se asumir\u00e1:\u00a0<\/span><\/p>\n<ol>\n<li><span style=\"font-weight: 400;\"> La configuraci\u00f3n, coordinaci\u00f3n y dinamizaci\u00f3n del propio equipo\u00a0<\/span><\/li>\n<li><span style=\"font-weight: 400;\"> El esbozo de plan de trabajo\u00a0<\/span><\/li>\n<li><span style=\"font-weight: 400;\"> El calendario b\u00e1sico para su desarrollo\u00a0<\/span><\/li>\n<\/ol>\n<p><span style=\"font-weight: 400;\">Siempre teniendo presente la triada Tarea\/Grupo\/Coordinaci\u00f3n responsable, b\u00e1sica para el funcionamiento operativo de un grupo de trabajo. El papel de coordinaci\u00f3n no es s\u00f3lo coordinar tareas, sino tambi\u00e9n personas. Cada Comisi\u00f3n deber\u00e1 realizar un proyecto m\u00ednimo de planificaci\u00f3n del desarrollo de la misma, contribuyendo as\u00ed a la creaci\u00f3n de una estructura organizativa y de conocimientos, que garantizar\u00e1 la continua evaluaci\u00f3n y desarrollo continuado a largo plazo.\u00a0<\/span><\/p>\n<p><span style=\"font-weight: 400;\">En cada Comisi\u00f3n de Trabajo, la Coordinaci\u00f3n velar\u00e1 para que en ese grupo de trabajo no se transforme en una mera reuni\u00f3n peri\u00f3dica de \u201copinadores\u201d, podr\u00e1 dotarse de la colaboraci\u00f3n de los expertos\/expertas que consideren oportunos y mantendr\u00e1 relaciones oficiales con entidades de relevancia en su pol\u00edtica sectorial comarcal. Tendr\u00e1 tambi\u00e9n la responsabilidad fundamental de contactar y colaborar con los y las agentes sociales que ya est\u00e1n trabajando de manera activa en nuestro territorio en las diferentes tem\u00e1ticas que nos ocupan. (Mapeo expertos y expertas).\u00a0<\/span><\/p>\n<p><b>Cada Comisi\u00f3n goza (dentro del respeto a los principios y valores generales de la Plataforma) de plena autonom\u00eda en cuanto a sus din\u00e1micas internas, plazos de reuni\u00f3n, tiempos de trabajo<\/b><span style=\"font-weight: 400;\">, siendo la \u00fanica instancia con capacidad de valorar las formas de intervenci\u00f3n que m\u00e1s se adapten a sus objetivos.\u00a0<\/span><\/p>\n<p><span style=\"font-weight: 400;\">Cada Comisi\u00f3n implementar\u00e1 las herramientas comunicativas y funcionales que m\u00e1s se adapten a sus necesidades y trabajo diario.\u00a0<\/span><\/p>\n<h2><\/h2>\n<h2><span style=\"font-weight: 400;\">\u00bfQu\u00e9 l\u00edneas de trabajo, para empezar?\u00a0<\/span><\/h2>\n<p><span style=\"font-weight: 400;\">En este momento, las personas promotoras de la Plataforma consideramos que se dan las circunstancias para formar, entre otras, las siguientes Comisiones Tem\u00e1ticas:\u00a0<\/span><\/p>\n<p><b>1) Territorio, Paisaje y Biodiversidad<br \/> <\/b><b>2) Agroalimentaria<br \/> <\/b><b>3) Agua<br \/> <\/b><b>4) Transporte y Energ\u00eda<br \/> <\/b><b>5) Ecoturismo<br \/> <\/b><b>6) Sanidad y Educaci\u00f3n\u00a0<\/b><\/p>\n<p><span style=\"font-weight: 400;\">Adem\u00e1s, de forma coordinada con el Grupo de Comunicaci\u00f3n, se pone en funcionamiento de manera transversal para toda la Plataforma, el Equipo de Educaci\u00f3n para la Transici\u00f3n y la Concienciaci\u00f3n, que aportar\u00e1 herramientas metodol\u00f3gicas para los procesos de escucha activa y la producci\u00f3n de materiales informativos\/pedag\u00f3gicos.\u00a0<\/span><\/p>\n<p><span style=\"font-weight: 400;\">Comunicaci\u00f3n interna de la Plataforma Para la comunicaci\u00f3n cotidiana se utilizar\u00e1n las herramientas disponibles: tel\u00e9fono, Telegram, aunque para convocatorias a reuniones o eventos o informaci\u00f3n importante se utilizar\u00e1 siempre el correo electr\u00f3nico. Todas las normas, reglamentos y protocolos y actas se enviar\u00e1n al correo electr\u00f3nico de cada persona integrante de la Plataforma. La Plataforma dispondr\u00e1 de una WEB, de un Facebook y de cualquier herramienta de comunicaci\u00f3n social que se vaya estimando oportuna. Existir\u00e1 un Telegram de la Plataforma Valle del Ti\u00e9tar en Transici\u00f3n que servir\u00e1 para cuestiones inmediatas para el Conjunto de sus miembros, sin menoscabo de los hilos que puedan poner en marcha las Comisiones Tem\u00e1ticas de trabajo. Su objetivo cotidiano central ser\u00e1 recordar reuniones, pasar documentos (a pesar de que luego se pasen tambi\u00e9n al e-mail), saludarnos, avisar de intervenciones en prensa o enlaces de redes a promocionar&#8230; Est\u00e1 en manos de los miembros del Consejo no caer en la utilizaci\u00f3n compulsiva y evitar los abusos recreativos de esta herramienta.\u00a0<\/span><\/p>\n<h2><\/h2>\n<h2><span style=\"font-weight: 400;\">Como conclusi\u00f3n\u00a0<\/span><\/h2>\n<p><span style=\"font-weight: 400;\">Conseguir lo que queremos, dar un aut\u00e9ntico paso hacia adelante, superar el miedo al cambio, significa en cierto modo \u201cresetear\u201d nuestras mentes. El gran desaf\u00edo de esta Plataforma es lograr construir un nuevo Espacio P\u00fablico Comarcal. Eso no se consigue de la noche a la ma\u00f1ana ya que venimos de cuarenta a\u00f1os de ideolog\u00eda consumista compulsiva, de destrucci\u00f3n de la comunidad y de insolidaridad. Si se quiere cambiar la ideolog\u00eda hay que cambiar la pr\u00e1ctica social y la pr\u00e1ctica social solo se cambia \u201cinvitando\u201d a la gente a hacer las cosas de otra manera y demostrando, mediante acciones concretas e iniciativas adecuadas, que hay otra manera posible de hacer las cosas. Creando situaciones positivas, creando vida, creando arte y cultura, creando comunidad e identidad compartida.\u00a0<\/span><\/p>\n<p><span style=\"font-weight: 400;\">La Plataforma tiene que ser dinamizadora y posibilitadora, facilitadora de procesos donde la gente, los vecinos y vecinas empiecen a ser los verdaderos protagonistas. Para conseguirlo en nuestro trabajo deber\u00e1 de prevalecer valores de cooperaci\u00f3n, frente a la intoxicadora competitividad; tendr\u00e1 que manifestarse la habilidad de ver las partes pero tambi\u00e9n el todo; la sabidur\u00eda para hacer emerger la inteligencia colectiva; la habilidad de identificar los \u201cobjetos\u201d pero tambi\u00e9n y sobre todo, las \u201crelaciones\u201d; y la disciplina de mantener, en el enfrentamiento con la dura (a veces gran\u00edtica) realidad, una razonable continuidad entre nuestros sue\u00f1os, las estrategias, las t\u00e1cticas y las acciones puntuales que podamos realizar.<\/span><\/p>\n<p>[\/et_pb_text][\/et_pb_column][\/et_pb_row][\/et_pb_section][et_pb_section fb_built=\u00bb1&#8243; module_id=\u00bb\u00danete\u00bb _builder_version=\u00bb4.2.2&#8243; background_color=\u00bb#474747&#8243; global_module=\u00bb178&#8243; saved_tabs=\u00bball\u00bb][et_pb_row _builder_version=\u00bb4.2.2&#8243;][et_pb_column type=\u00bb4_4&#8243; _builder_version=\u00bb4.2.2&#8243;][et_pb_text _builder_version=\u00bb4.2.2&#8243; header_2_font=\u00bbVerdana||||||||\u00bb header_2_text_color=\u00bb#398d73&#8243; header_2_font_size=\u00bb31px\u00bb custom_margin=\u00bb||-80px|||\u00bb]<\/p>\n<h2 style=\"text-align: center;\"><span style=\"color: #ff9900;\"><b>\u00a1Mejoremos el Valle! \u00danete a la Plataforma<\/b><\/span><\/h2>\n<p>&nbsp;<\/p>\n<p>[\/et_pb_text][et_pb_image src=\u00bbhttps:\/\/tietarentransicion.org\/wp-content\/uploads\/2024\/04\/Diseno-sin-titulo.png\u00bb align=\u00bbcenter\u00bb force_fullwidth=\u00bbon\u00bb _builder_version=\u00bb4.2.2&#8243; min_height=\u00bb275.4px\u00bb custom_padding=\u00bb||0px|||\u00bb][\/et_pb_image][\/et_pb_column][\/et_pb_row][et_pb_row column_structure=\u00bb1_2,1_2&#8243; _builder_version=\u00bb4.2.2&#8243;][et_pb_column type=\u00bb1_2&#8243; _builder_version=\u00bb4.2.2&#8243;][et_pb_text _builder_version=\u00bb4.2.2&#8243; header_2_font=\u00bbVerdana||||||||\u00bb header_2_text_color=\u00bb#398d73&#8243; header_2_font_size=\u00bb31px\u00bb hover_enabled=\u00bb0&#8243;]<\/p>\n<p><span style=\"color: #ffffff;\">Estamos comprometidos con la preservaci\u00f3n y el desarrollo sostenible de nuestro entorno. Estamos llevando a cabo varios proyectos que tienen como objetivo mejorar la calidad de vida de quienes vivimos aqu\u00ed y proteger la belleza natural de nuestra regi\u00f3n.<\/span><\/p>\n<p><span style=\"color: #ffffff;\">Pero para seguir creciendo y haciendo la diferencia, necesitamos tu apoyo. \u00a1Tu participaci\u00f3n es fundamental para que nuestros proyectos tengan un alcance a\u00fan mayor!<\/span><\/p>\n<p><span style=\"color: #ffffff;\">Si te interesa contribuir con tu tiempo, tus ideas o tu apoyo, \u00a1no dudes en unirte a nosotros! Juntos, podemos hacer del Valle del Tietar un lugar a\u00fan mejor para vivir, disfrutar y conservar para las generaciones futuras.<\/span><\/p>\n<p><span style=\"color: #ffffff;\">\u00a0<\/span><\/p>\n<p>[\/et_pb_text][\/et_pb_column][et_pb_column type=\u00bb1_2&#8243; _builder_version=\u00bb4.2.2&#8243;][et_pb_text _builder_version=\u00bb4.2.2&#8243; header_2_font=\u00bbVerdana||||||||\u00bb header_2_text_color=\u00bb#398d73&#8243; header_2_font_size=\u00bb31px\u00bb hover_enabled=\u00bb0&#8243; custom_margin=\u00bb||1px|||\u00bb]<\/p>\n<p><span color=\"#ffffff\" style=\"color: #ffffff;\">Puedes contactarnos a trav\u00e9s del formulario de contacto o en el mail:\u00a0<a href=\"mailto:secretaria@tietarentransicion.org\" target=\"_blank\" rel=\"noopener\">secretaria@tietarentransicion.org<\/a><\/span><\/p>\n<p><span style=\"color: #ffffff;\">\u00a0<\/span><\/p>\n<p>[\/et_pb_text][et_pb_contact_form _builder_version=\u00bb4.2.2&#8243; custom_button=\u00bbon\u00bb button_text_color=\u00bb#ffffff\u00bb button_bg_color=\u00bb#e09900&#8243; button_border_color=\u00bb#ffffff\u00bb button_border_radius=\u00bb100px\u00bb][et_pb_contact_field field_id=\u00bbName\u00bb field_title=\u00bbNombre\u00bb _builder_version=\u00bb3.16&#8243; button_text_size__hover_enabled=\u00bboff\u00bb button_one_text_size__hover_enabled=\u00bboff\u00bb button_two_text_size__hover_enabled=\u00bboff\u00bb button_text_color__hover_enabled=\u00bboff\u00bb button_one_text_color__hover_enabled=\u00bboff\u00bb button_two_text_color__hover_enabled=\u00bboff\u00bb button_border_width__hover_enabled=\u00bboff\u00bb button_one_border_width__hover_enabled=\u00bboff\u00bb button_two_border_width__hover_enabled=\u00bboff\u00bb button_border_color__hover_enabled=\u00bboff\u00bb button_one_border_color__hover_enabled=\u00bboff\u00bb button_two_border_color__hover_enabled=\u00bboff\u00bb button_border_radius__hover_enabled=\u00bboff\u00bb button_one_border_radius__hover_enabled=\u00bboff\u00bb button_two_border_radius__hover_enabled=\u00bboff\u00bb button_letter_spacing__hover_enabled=\u00bboff\u00bb button_one_letter_spacing__hover_enabled=\u00bboff\u00bb button_two_letter_spacing__hover_enabled=\u00bboff\u00bb button_bg_color__hover_enabled=\u00bboff\u00bb button_one_bg_color__hover_enabled=\u00bboff\u00bb button_two_bg_color__hover_enabled=\u00bboff\u00bb][\/et_pb_contact_field][et_pb_contact_field field_id=\u00bbEmail\u00bb field_title=\u00bbDirecci\u00f3n de correo electr\u00f3nico\u00bb field_type=\u00bbemail\u00bb _builder_version=\u00bb3.16&#8243; button_text_size__hover_enabled=\u00bboff\u00bb button_one_text_size__hover_enabled=\u00bboff\u00bb button_two_text_size__hover_enabled=\u00bboff\u00bb button_text_color__hover_enabled=\u00bboff\u00bb button_one_text_color__hover_enabled=\u00bboff\u00bb button_two_text_color__hover_enabled=\u00bboff\u00bb button_border_width__hover_enabled=\u00bboff\u00bb button_one_border_width__hover_enabled=\u00bboff\u00bb button_two_border_width__hover_enabled=\u00bboff\u00bb button_border_color__hover_enabled=\u00bboff\u00bb button_one_border_color__hover_enabled=\u00bboff\u00bb button_two_border_color__hover_enabled=\u00bboff\u00bb button_border_radius__hover_enabled=\u00bboff\u00bb button_one_border_radius__hover_enabled=\u00bboff\u00bb button_two_border_radius__hover_enabled=\u00bboff\u00bb button_letter_spacing__hover_enabled=\u00bboff\u00bb button_one_letter_spacing__hover_enabled=\u00bboff\u00bb button_two_letter_spacing__hover_enabled=\u00bboff\u00bb button_bg_color__hover_enabled=\u00bboff\u00bb button_one_bg_color__hover_enabled=\u00bboff\u00bb button_two_bg_color__hover_enabled=\u00bboff\u00bb][\/et_pb_contact_field][et_pb_contact_field field_id=\u00bbMessage\u00bb field_title=\u00bbMensaje\u00bb field_type=\u00bbtext\u00bb fullwidth_field=\u00bbon\u00bb _builder_version=\u00bb3.16&#8243; button_text_size__hover_enabled=\u00bboff\u00bb button_one_text_size__hover_enabled=\u00bboff\u00bb button_two_text_size__hover_enabled=\u00bboff\u00bb button_text_color__hover_enabled=\u00bboff\u00bb button_one_text_color__hover_enabled=\u00bboff\u00bb button_two_text_color__hover_enabled=\u00bboff\u00bb button_border_width__hover_enabled=\u00bboff\u00bb button_one_border_width__hover_enabled=\u00bboff\u00bb button_two_border_width__hover_enabled=\u00bboff\u00bb button_border_color__hover_enabled=\u00bboff\u00bb button_one_border_color__hover_enabled=\u00bboff\u00bb button_two_border_color__hover_enabled=\u00bboff\u00bb button_border_radius__hover_enabled=\u00bboff\u00bb button_one_border_radius__hover_enabled=\u00bboff\u00bb button_two_border_radius__hover_enabled=\u00bboff\u00bb button_letter_spacing__hover_enabled=\u00bboff\u00bb button_one_letter_spacing__hover_enabled=\u00bboff\u00bb button_two_letter_spacing__hover_enabled=\u00bboff\u00bb button_bg_color__hover_enabled=\u00bboff\u00bb button_one_bg_color__hover_enabled=\u00bboff\u00bb button_two_bg_color__hover_enabled=\u00bboff\u00bb][\/et_pb_contact_field][et_pb_contact_field field_id=\u00bbpoliticas\u00bb field_title=\u00bbCampos obligatorios\u00bb field_type=\u00bbcheckbox\u00bb checkbox_options=\u00bb%91{%22value%22:%22Politicas de Privacidad%22,%22checked%22:0,%22dragID%22:-1}%93&#8243; fullwidth_field=\u00bbon\u00bb _builder_version=\u00bb4.2.2&#8243; form_field_background_color=\u00bb#ffffff\u00bb form_field_text_color=\u00bb#e09900&#8243; form_field_focus_background_color=\u00bb#e09900&#8243; form_field_focus_text_color=\u00bb#e09900&#8243; background_color=\u00bbrgba(0,0,0,0)\u00bb background_enable_color=\u00bbon\u00bb][\/et_pb_contact_field][\/et_pb_contact_form][\/et_pb_column][\/et_pb_row][et_pb_row _builder_version=\u00bb4.2.2&#8243;][et_pb_column type=\u00bb4_4&#8243; _builder_version=\u00bb4.2.2&#8243;][et_pb_text _builder_version=\u00bb4.2.2&#8243; header_2_font=\u00bbVerdana||||||||\u00bb header_2_text_color=\u00bb#398d73&#8243; header_2_font_size=\u00bb31px\u00bb hover_enabled=\u00bb0&#8243; disabled_on=\u00bbon|on|on\u00bb disabled=\u00bbon\u00bb]<\/p>\n<h2 style=\"text-align: center;\"><span style=\"color: #ffffff;\"><b>Organizaciones que nos apoyan<\/b><\/span><\/h2>\n<p>&nbsp;<\/p>\n<p>[\/et_pb_text][\/et_pb_column][\/et_pb_row][\/et_pb_section]<\/p>\n","protected":false},"excerpt":{"rendered":"<p>[et_pb_section fb_built=\u00bb1&#8243; admin_label=\u00bbsection\u00bb _builder_version=\u00bb4.2.2&#8243; background_color=\u00bb#44580e\u00bb background_image=\u00bbhttps:\/\/tietarentransicion.org\/wp-content\/uploads\/2024\/04\/Diseno-sin-titulo-1.jpg\u00bb custom_padding=\u00bb198px||119px|||\u00bb][et_pb_row _builder_version=\u00bb4.2.2&#8243; min_height=\u00bb238px\u00bb custom_margin=\u00bb-196px|auto||auto||\u00bb custom_padding=\u00bb367px||3px|||\u00bb][et_pb_column type=\u00bb4_4&#8243; _builder_version=\u00bb4.2.2&#8243;][et_pb_text content_tablet=\u00bb C\u00d3MO TRABAJAMOS \u00bb content_phone=\u00bb C\u00d3MO TRABAJAMOS \u00bb content_last_edited=\u00bbon|desktop\u00bb _builder_version=\u00bb4.2.2&#8243; header_text_color=\u00bb#ffffff\u00bb header_font_size=\u00bb48px\u00bb header_line_height=\u00bb1.4em\u00bb header_2_text_color=\u00bb#ffffff\u00bb header_2_font_size=\u00bb39px\u00bb header_2_line_height=\u00bb1.2em\u00bb custom_margin=\u00bb-177px||-13px|||\u00bb header_font_size_tablet=\u00bb40px\u00bb header_font_size_phone=\u00bb34px\u00bb header_font_size_last_edited=\u00bbon|phone\u00bb header_text_shadow_style=\u00bbpreset1&#8243;] C\u00d3MO TRABAJAMOS [\/et_pb_text][\/et_pb_column][\/et_pb_row][\/et_pb_section][et_pb_section fb_built=\u00bb1&#8243; _builder_version=\u00bb4.2.2&#8243; background_color=\u00bbrgba(0,0,0,0.02)\u00bb custom_padding=\u00bb0px|||||\u00bb][et_pb_row _builder_version=\u00bb4.2.2&#8243; custom_margin=\u00bb3px|411px||auto||\u00bb][et_pb_column type=\u00bb4_4&#8243; _builder_version=\u00bb4.2.2&#8243;][et_pb_text _builder_version=\u00bb4.2.2&#8243; header_2_font=\u00bbVerdana||||||||\u00bb header_2_text_color=\u00bb#398d73&#8243; header_2_font_size=\u00bb31px\u00bb] Introducci\u00f3n Somos vecinas y vecinos\u00a0de diferentes [&hellip;]<\/p>\n","protected":false},"author":1,"featured_media":0,"parent":0,"menu_order":0,"comment_status":"closed","ping_status":"closed","template":"","meta":{"_et_pb_use_builder":"on","_et_pb_old_content":"<!-- wp:paragraph -->\r\n<p>This is an example page. It's different from a blog post because it will stay in one place and will show up in your site navigation (in most themes). Most people start with an About page that introduces them to potential site visitors. It might say something like this:<\/p>\r\n<!-- \/wp:paragraph -->\r\n\r\n<!-- wp:quote -->\r\n<blockquote class=\"wp-block-quote\"><p>Hi there! I'm a bike messenger by day, aspiring actor by night, and this is my website. I live in Los Angeles, have a great dog named Jack, and I like pi\u00f1a coladas. (And gettin' caught in the rain.)<\/p><\/blockquote>\r\n<!-- \/wp:quote -->\r\n\r\n<!-- wp:paragraph -->\r\n<p>...or something like this:<\/p>\r\n<!-- \/wp:paragraph -->\r\n\r\n<!-- wp:quote -->\r\n<blockquote class=\"wp-block-quote\"><p>The XYZ Doohickey Company was founded in 1971, and has been providing quality doohickeys to the public ever since. Located in Gotham City, XYZ employs over 2,000 people and does all kinds of awesome things for the Gotham community.<\/p><\/blockquote>\r\n<!-- \/wp:quote -->\r\n\r\n<!-- wp:paragraph -->\r\n<p>As a new WordPress user, you should go to <a href=\"https:\/\/tietarentransicion.org\/wp-admin\/\">your dashboard<\/a> to delete this page and create new pages for your content. Have fun!<\/p>\r\n<!-- \/wp:paragraph -->","_et_gb_content_width":"","footnotes":""},"class_list":["post-151","page","type-page","status-publish","hentry"],"yoast_head":"<!-- This site is optimized with the Yoast SEO plugin v27.6 - https:\/\/yoast.com\/product\/yoast-seo-wordpress\/ -->\n<title>C\u00f3mo Trabajamos - Tietar en Transici\u00f3n<\/title>\n<meta name=\"robots\" content=\"index, follow, max-snippet:-1, max-image-preview:large, max-video-preview:-1\" \/>\n<link rel=\"canonical\" href=\"https:\/\/tietarentransicion.org\/index.php\/como-trabajamos\/\" \/>\n<meta property=\"og:locale\" content=\"es_ES\" \/>\n<meta property=\"og:type\" content=\"article\" \/>\n<meta property=\"og:title\" content=\"C\u00f3mo Trabajamos - Tietar en Transici\u00f3n\" \/>\n<meta property=\"og:description\" content=\"[et_pb_section fb_built=\u00bb1&#8243; admin_label=\u00bbsection\u00bb _builder_version=\u00bb4.2.2&#8243; background_color=\u00bb#44580e\u00bb background_image=\u00bbhttps:\/\/tietarentransicion.org\/wp-content\/uploads\/2024\/04\/Diseno-sin-titulo-1.jpg\u00bb custom_padding=\u00bb198px||119px|||\u00bb][et_pb_row _builder_version=\u00bb4.2.2&#8243; min_height=\u00bb238px\u00bb custom_margin=\u00bb-196px|auto||auto||\u00bb custom_padding=\u00bb367px||3px|||\u00bb][et_pb_column type=\u00bb4_4&#8243; _builder_version=\u00bb4.2.2&#8243;][et_pb_text content_tablet=\u00bb C\u00d3MO TRABAJAMOS \u00bb content_phone=\u00bb C\u00d3MO TRABAJAMOS \u00bb content_last_edited=\u00bbon|desktop\u00bb _builder_version=\u00bb4.2.2&#8243; header_text_color=\u00bb#ffffff\u00bb header_font_size=\u00bb48px\u00bb header_line_height=\u00bb1.4em\u00bb header_2_text_color=\u00bb#ffffff\u00bb header_2_font_size=\u00bb39px\u00bb header_2_line_height=\u00bb1.2em\u00bb custom_margin=\u00bb-177px||-13px|||\u00bb header_font_size_tablet=\u00bb40px\u00bb header_font_size_phone=\u00bb34px\u00bb header_font_size_last_edited=\u00bbon|phone\u00bb header_text_shadow_style=\u00bbpreset1&#8243;] C\u00d3MO TRABAJAMOS [\/et_pb_text][\/et_pb_column][\/et_pb_row][\/et_pb_section][et_pb_section fb_built=\u00bb1&#8243; _builder_version=\u00bb4.2.2&#8243; background_color=\u00bbrgba(0,0,0,0.02)\u00bb custom_padding=\u00bb0px|||||\u00bb][et_pb_row _builder_version=\u00bb4.2.2&#8243; custom_margin=\u00bb3px|411px||auto||\u00bb][et_pb_column type=\u00bb4_4&#8243; _builder_version=\u00bb4.2.2&#8243;][et_pb_text _builder_version=\u00bb4.2.2&#8243; header_2_font=\u00bbVerdana||||||||\u00bb header_2_text_color=\u00bb#398d73&#8243; header_2_font_size=\u00bb31px\u00bb] Introducci\u00f3n Somos vecinas y vecinos\u00a0de diferentes [&hellip;]\" \/>\n<meta property=\"og:url\" content=\"https:\/\/tietarentransicion.org\/index.php\/como-trabajamos\/\" \/>\n<meta property=\"og:site_name\" content=\"Tietar en Transici\u00f3n\" \/>\n<meta property=\"article:modified_time\" content=\"2024-07-19T09:59:12+00:00\" \/>\n<meta name=\"twitter:card\" content=\"summary_large_image\" \/>\n<meta name=\"twitter:label1\" content=\"Tiempo de lectura\" \/>\n\t<meta name=\"twitter:data1\" content=\"13 minutos\" \/>\n<script type=\"application\/ld+json\" class=\"yoast-schema-graph\">{\"@context\":\"https:\\\/\\\/schema.org\",\"@graph\":[{\"@type\":\"WebPage\",\"@id\":\"https:\\\/\\\/tietarentransicion.org\\\/index.php\\\/como-trabajamos\\\/\",\"url\":\"https:\\\/\\\/tietarentransicion.org\\\/index.php\\\/como-trabajamos\\\/\",\"name\":\"C\u00f3mo Trabajamos - Tietar en Transici\u00f3n\",\"isPartOf\":{\"@id\":\"https:\\\/\\\/tietarentransicion.org\\\/#website\"},\"datePublished\":\"2024-04-30T17:55:19+00:00\",\"dateModified\":\"2024-07-19T09:59:12+00:00\",\"breadcrumb\":{\"@id\":\"https:\\\/\\\/tietarentransicion.org\\\/index.php\\\/como-trabajamos\\\/#breadcrumb\"},\"inLanguage\":\"es\",\"potentialAction\":[{\"@type\":\"ReadAction\",\"target\":[\"https:\\\/\\\/tietarentransicion.org\\\/index.php\\\/como-trabajamos\\\/\"]}]},{\"@type\":\"BreadcrumbList\",\"@id\":\"https:\\\/\\\/tietarentransicion.org\\\/index.php\\\/como-trabajamos\\\/#breadcrumb\",\"itemListElement\":[{\"@type\":\"ListItem\",\"position\":1,\"name\":\"Portada\",\"item\":\"https:\\\/\\\/tietarentransicion.org\\\/\"},{\"@type\":\"ListItem\",\"position\":2,\"name\":\"C\u00f3mo Trabajamos\"}]},{\"@type\":\"WebSite\",\"@id\":\"https:\\\/\\\/tietarentransicion.org\\\/#website\",\"url\":\"https:\\\/\\\/tietarentransicion.org\\\/\",\"name\":\"Tietar en Transici\u00f3n\",\"description\":\"\",\"potentialAction\":[{\"@type\":\"SearchAction\",\"target\":{\"@type\":\"EntryPoint\",\"urlTemplate\":\"https:\\\/\\\/tietarentransicion.org\\\/?s={search_term_string}\"},\"query-input\":{\"@type\":\"PropertyValueSpecification\",\"valueRequired\":true,\"valueName\":\"search_term_string\"}}],\"inLanguage\":\"es\"}]}<\/script>\n<!-- \/ Yoast SEO plugin. -->","yoast_head_json":{"title":"C\u00f3mo Trabajamos - Tietar en Transici\u00f3n","robots":{"index":"index","follow":"follow","max-snippet":"max-snippet:-1","max-image-preview":"max-image-preview:large","max-video-preview":"max-video-preview:-1"},"canonical":"https:\/\/tietarentransicion.org\/index.php\/como-trabajamos\/","og_locale":"es_ES","og_type":"article","og_title":"C\u00f3mo Trabajamos - Tietar en Transici\u00f3n","og_description":"[et_pb_section fb_built=\u00bb1&#8243; admin_label=\u00bbsection\u00bb _builder_version=\u00bb4.2.2&#8243; background_color=\u00bb#44580e\u00bb background_image=\u00bbhttps:\/\/tietarentransicion.org\/wp-content\/uploads\/2024\/04\/Diseno-sin-titulo-1.jpg\u00bb custom_padding=\u00bb198px||119px|||\u00bb][et_pb_row _builder_version=\u00bb4.2.2&#8243; min_height=\u00bb238px\u00bb custom_margin=\u00bb-196px|auto||auto||\u00bb custom_padding=\u00bb367px||3px|||\u00bb][et_pb_column type=\u00bb4_4&#8243; _builder_version=\u00bb4.2.2&#8243;][et_pb_text content_tablet=\u00bb C\u00d3MO TRABAJAMOS \u00bb content_phone=\u00bb C\u00d3MO TRABAJAMOS \u00bb content_last_edited=\u00bbon|desktop\u00bb _builder_version=\u00bb4.2.2&#8243; header_text_color=\u00bb#ffffff\u00bb header_font_size=\u00bb48px\u00bb header_line_height=\u00bb1.4em\u00bb header_2_text_color=\u00bb#ffffff\u00bb header_2_font_size=\u00bb39px\u00bb header_2_line_height=\u00bb1.2em\u00bb custom_margin=\u00bb-177px||-13px|||\u00bb header_font_size_tablet=\u00bb40px\u00bb header_font_size_phone=\u00bb34px\u00bb header_font_size_last_edited=\u00bbon|phone\u00bb header_text_shadow_style=\u00bbpreset1&#8243;] C\u00d3MO TRABAJAMOS [\/et_pb_text][\/et_pb_column][\/et_pb_row][\/et_pb_section][et_pb_section fb_built=\u00bb1&#8243; _builder_version=\u00bb4.2.2&#8243; background_color=\u00bbrgba(0,0,0,0.02)\u00bb custom_padding=\u00bb0px|||||\u00bb][et_pb_row _builder_version=\u00bb4.2.2&#8243; custom_margin=\u00bb3px|411px||auto||\u00bb][et_pb_column type=\u00bb4_4&#8243; _builder_version=\u00bb4.2.2&#8243;][et_pb_text _builder_version=\u00bb4.2.2&#8243; header_2_font=\u00bbVerdana||||||||\u00bb header_2_text_color=\u00bb#398d73&#8243; header_2_font_size=\u00bb31px\u00bb] Introducci\u00f3n Somos vecinas y vecinos\u00a0de diferentes [&hellip;]","og_url":"https:\/\/tietarentransicion.org\/index.php\/como-trabajamos\/","og_site_name":"Tietar en Transici\u00f3n","article_modified_time":"2024-07-19T09:59:12+00:00","twitter_card":"summary_large_image","twitter_misc":{"Tiempo de lectura":"13 minutos"},"schema":{"@context":"https:\/\/schema.org","@graph":[{"@type":"WebPage","@id":"https:\/\/tietarentransicion.org\/index.php\/como-trabajamos\/","url":"https:\/\/tietarentransicion.org\/index.php\/como-trabajamos\/","name":"C\u00f3mo Trabajamos - Tietar en Transici\u00f3n","isPartOf":{"@id":"https:\/\/tietarentransicion.org\/#website"},"datePublished":"2024-04-30T17:55:19+00:00","dateModified":"2024-07-19T09:59:12+00:00","breadcrumb":{"@id":"https:\/\/tietarentransicion.org\/index.php\/como-trabajamos\/#breadcrumb"},"inLanguage":"es","potentialAction":[{"@type":"ReadAction","target":["https:\/\/tietarentransicion.org\/index.php\/como-trabajamos\/"]}]},{"@type":"BreadcrumbList","@id":"https:\/\/tietarentransicion.org\/index.php\/como-trabajamos\/#breadcrumb","itemListElement":[{"@type":"ListItem","position":1,"name":"Portada","item":"https:\/\/tietarentransicion.org\/"},{"@type":"ListItem","position":2,"name":"C\u00f3mo Trabajamos"}]},{"@type":"WebSite","@id":"https:\/\/tietarentransicion.org\/#website","url":"https:\/\/tietarentransicion.org\/","name":"Tietar en Transici\u00f3n","description":"","potentialAction":[{"@type":"SearchAction","target":{"@type":"EntryPoint","urlTemplate":"https:\/\/tietarentransicion.org\/?s={search_term_string}"},"query-input":{"@type":"PropertyValueSpecification","valueRequired":true,"valueName":"search_term_string"}}],"inLanguage":"es"}]}},"_links":{"self":[{"href":"https:\/\/tietarentransicion.org\/index.php\/wp-json\/wp\/v2\/pages\/151","targetHints":{"allow":["GET"]}}],"collection":[{"href":"https:\/\/tietarentransicion.org\/index.php\/wp-json\/wp\/v2\/pages"}],"about":[{"href":"https:\/\/tietarentransicion.org\/index.php\/wp-json\/wp\/v2\/types\/page"}],"author":[{"embeddable":true,"href":"https:\/\/tietarentransicion.org\/index.php\/wp-json\/wp\/v2\/users\/1"}],"replies":[{"embeddable":true,"href":"https:\/\/tietarentransicion.org\/index.php\/wp-json\/wp\/v2\/comments?post=151"}],"version-history":[{"count":25,"href":"https:\/\/tietarentransicion.org\/index.php\/wp-json\/wp\/v2\/pages\/151\/revisions"}],"predecessor-version":[{"id":249,"href":"https:\/\/tietarentransicion.org\/index.php\/wp-json\/wp\/v2\/pages\/151\/revisions\/249"}],"wp:attachment":[{"href":"https:\/\/tietarentransicion.org\/index.php\/wp-json\/wp\/v2\/media?parent=151"}],"curies":[{"name":"wp","href":"https:\/\/api.w.org\/{rel}","templated":true}]}}