{"id":2,"date":"2023-10-03T10:01:17","date_gmt":"2023-10-03T10:01:17","guid":{"rendered":"https:\/\/39866532.servicio-online.net\/arquitecturaminima\/?page_id=2"},"modified":"2025-03-28T20:35:09","modified_gmt":"2025-03-28T20:35:09","slug":"plataforma-valle-del-tietar","status":"publish","type":"page","link":"https:\/\/tietarentransicion.org\/","title":{"rendered":"Plataforma Ti\u00e9tar en Transici\u00f3n"},"content":{"rendered":"<p>[et_pb_section fb_built=\u00bb1&#8243; admin_label=\u00bbsection\u00bb _builder_version=\u00bb4.2.2&#8243; background_color=\u00bb#7cda24&#8243; use_background_color_gradient=\u00bbon\u00bb background_image=\u00bbhttps:\/\/tietarentransicion.org\/wp-content\/uploads\/2024\/02\/PVTT-Vista-rosarito.jpg\u00bb custom_padding=\u00bb216px||95px|||\u00bb][et_pb_row _builder_version=\u00bb4.2.2&#8243;][et_pb_column type=\u00bb4_4&#8243; _builder_version=\u00bb4.2.2&#8243;][et_pb_text content_tablet=\u00bb<\/p>\n<h1 style=%22text-align: center;%22>Bienvenido a la<\/h1>\n<h1 style=%22text-align: center;%22><strong>Plataforma Valle del Ti\u00e9tar en Transici\u00f3n<\/strong><\/h1>\n<p>\u00bb content_phone=\u00bb<\/p>\n<h1 style=%22text-align: center;%22>Bienvenido a la<\/h1>\n<h1 style=%22text-align: center;%22><strong>Plataforma Valle del Ti\u00e9tar en Transici\u00f3n<\/strong><\/h1>\n<p>\u00bb content_last_edited=\u00bbon|phone\u00bb _builder_version=\u00bb4.2.2&#8243; header_text_color=\u00bb#ffffff\u00bb header_font_size=\u00bb48px\u00bb header_line_height=\u00bb1.4em\u00bb header_2_text_color=\u00bb#ffffff\u00bb header_2_font_size=\u00bb39px\u00bb header_2_line_height=\u00bb1.2em\u00bb custom_margin=\u00bb60px||69px|||\u00bb animation_style=\u00bbfade\u00bb header_font_size_tablet=\u00bb40px\u00bb header_font_size_phone=\u00bb34px\u00bb header_font_size_last_edited=\u00bbon|phone\u00bb header_text_shadow_style=\u00bbpreset1&#8243;]<\/p>\n<h1 style=\"text-align: center;\"><strong style=\"font-size: 48px;\">Plataforma Valle del Ti\u00e9tar en Transici\u00f3n<\/strong><\/h1>\n<p>[\/et_pb_text][\/et_pb_column][\/et_pb_row][\/et_pb_section][et_pb_section fb_built=\u00bb1&#8243; _builder_version=\u00bb4.2.2&#8243;][et_pb_row column_structure=\u00bb2_5,3_5&#8243; _builder_version=\u00bb4.2.2&#8243;][et_pb_column type=\u00bb2_5&#8243; _builder_version=\u00bb4.2.2&#8243;][et_pb_text _builder_version=\u00bb4.2.2&#8243; header_2_font=\u00bbVerdana||||||||\u00bb header_2_text_color=\u00bb#398d73&#8243; header_2_font_size=\u00bb31px\u00bb]<\/p>\n<h2><strong>Sobre Nosotros<\/strong><\/h2>\n<p><span style=\"font-weight: 300;\"><\/span><\/p>\n<p><strong>Somos vecinas y vecinos<\/strong><span>\u00a0de diferentes poblaciones\u00a0<\/span><strong>del Valle del Ti\u00e9tar<\/strong><span>, que hemos iniciado un recorrido en com\u00fan para promover estrategias y proyectos que permitan la transformaci\u00f3n del Valle\u00a0<\/span><strong>hacia la sostenibilidad<\/strong><span>; con el objetivo \u00faltimo de poner la Sociedad y la Econom\u00eda del Valle al servicio del bien com\u00fan de forma igualitaria. Creando sentimiento de comunidad\u00a0<\/span><strong>y<\/strong><span>\u00a0<\/span><strong>calidad de vida para todas las personas que lo habitan.<\/strong><\/p>\n<p>&nbsp;<\/p>\n<p>[\/et_pb_text][et_pb_button button_url=\u00bbhttps:\/\/tietarentransicion.org\/index.php\/como-trabajamos\/\u00bb button_text=\u00bbC\u00f3mo trabajamos\u00bb _builder_version=\u00bb4.2.2&#8243; custom_button=\u00bbon\u00bb button_text_color=\u00bb#ffffff\u00bb button_bg_color=\u00bb#398d73&#8243; button_border_width=\u00bb10px\u00bb button_border_color=\u00bbrgba(0,0,0,0)\u00bb button_border_radius=\u00bb84px\u00bb button_icon=\u00bb%%40%%\u00bb box_shadow_style=\u00bbpreset1&#8243;][\/et_pb_button][\/et_pb_column][et_pb_column type=\u00bb3_5&#8243; _builder_version=\u00bb4.2.2&#8243;][et_pb_image src=\u00bbhttps:\/\/tietarentransicion.org\/wp-content\/uploads\/2024\/04\/VT_Comarcal.jpg\u00bb show_in_lightbox=\u00bbon\u00bb use_overlay=\u00bbon\u00bb hover_overlay_color=\u00bbrgba(0,0,0,0)\u00bb hover_icon=\u00bb%%51%%\u00bb _builder_version=\u00bb4.2.2&#8243;][\/et_pb_image][\/et_pb_column][\/et_pb_row][\/et_pb_section][et_pb_section fb_built=\u00bb1&#8243; _builder_version=\u00bb4.2.2&#8243; background_color=\u00bbrgba(0,0,0,0.02)\u00bb custom_padding=\u00bb0px|||||\u00bb][et_pb_row _builder_version=\u00bb4.2.2&#8243;][et_pb_column type=\u00bb4_4&#8243; _builder_version=\u00bb4.2.2&#8243;][et_pb_text _builder_version=\u00bb4.2.2&#8243; header_2_font=\u00bbVerdana||||||||\u00bb header_2_text_color=\u00bb#398d73&#8243; header_2_font_size=\u00bb31px\u00bb]<\/p>\n<h2 style=\"text-align: center;\"><strong>Principales proyectos en curso<\/strong><\/h2>\n<p><span style=\"font-weight: 300;\"><\/span><\/p>\n<p style=\"text-align: center;\">Aunque estamos en promoviendo otras iniciativas actualmente que pronto publicaremos, los principales proyectos que nos ocupan ahora puedes encontrarlos abajo.<\/p>\n<p>&nbsp;<\/p>\n<p>[\/et_pb_text][\/et_pb_column][\/et_pb_row][et_pb_row column_structure=\u00bb1_2,1_2&#8243; _builder_version=\u00bb4.2.2&#8243;][et_pb_column type=\u00bb1_2&#8243; _builder_version=\u00bb4.2.2&#8243;][et_pb_text _builder_version=\u00bb4.2.2&#8243; header_2_font=\u00bbVerdana||||||||\u00bb header_2_text_color=\u00bb#398d73&#8243; header_2_font_size=\u00bb31px\u00bb header_3_text_color=\u00bb#5b8500&#8243;]<\/p>\n<h3 style=\"text-align: left;\"><strong>Reserva de la Biosfera<\/strong><\/h3>\n<p><span style=\"font-weight: 300;\"><\/span><\/p>\n<p>Queremos promover una transici\u00f3n hacia un futuro m\u00e1s saludable y sostenible para el Valle del Ti\u00e9tar mediante la cooperaci\u00f3n entre actores locales. El objetivo del proyecto de la Reserva de la Biosfera es promover un equilibrio entre la conservaci\u00f3n de la biodiversidad y el desarrollo sostenible de las poblaciones locales, implicando a las comunidades en la toma de decisiones y fomentando la colaboraci\u00f3n entre gestores, cient\u00edficos y pol\u00edticos. Estos territorios, reconocidos por la UNESCO, buscan ser modelos de sostenibilidad a trav\u00e9s de la integraci\u00f3n entre la naturaleza y las actividades humanas.<\/p>\n<p>&nbsp;<\/p>\n<p>[\/et_pb_text][et_pb_button button_url=\u00bbhttps:\/\/tietarentransicion.org\/index.php\/valle-del-tietar-como-reserva-de-la-biosfera\/\u00bb button_text=\u00bbVer iniciativa\u00bb _builder_version=\u00bb4.2.2&#8243; custom_button=\u00bbon\u00bb button_text_color=\u00bb#ffffff\u00bb button_bg_color=\u00bb#398d73&#8243; button_border_width=\u00bb10px\u00bb button_border_color=\u00bbrgba(0,0,0,0)\u00bb button_border_radius=\u00bb84px\u00bb button_icon=\u00bb%%40%%\u00bb box_shadow_style=\u00bbpreset1&#8243;][\/et_pb_button][\/et_pb_column][et_pb_column type=\u00bb1_2&#8243; _builder_version=\u00bb4.2.2&#8243;][et_pb_text _builder_version=\u00bb4.2.2&#8243;]<\/p>\n<p><iframe loading=\"lazy\" title=\"\u00bfNOS CONVIENE CONVERTIRNOS EN RESERVA DE LA BIOSFERA?\" width=\"1080\" height=\"608\" src=\"https:\/\/www.youtube.com\/embed\/9VnjMR89WLQ?feature=oembed\" frameborder=\"0\" allow=\"accelerometer; autoplay; clipboard-write; encrypted-media; gyroscope; picture-in-picture; web-share\" referrerpolicy=\"strict-origin-when-cross-origin\" allowfullscreen><\/iframe><\/p>\n<p>&nbsp;<\/p>\n<p>[\/et_pb_text][\/et_pb_column][\/et_pb_row][et_pb_row column_structure=\u00bb1_2,1_2&#8243; _builder_version=\u00bb4.2.2&#8243;][et_pb_column type=\u00bb1_2&#8243; _builder_version=\u00bb4.2.2&#8243;][et_pb_text _builder_version=\u00bb4.2.2&#8243; header_2_font=\u00bbVerdana||||||||\u00bb header_2_text_color=\u00bb#398d73&#8243; header_2_font_size=\u00bb31px\u00bb header_3_text_color=\u00bb#5b8500&#8243;]<\/p>\n<h3 style=\"text-align: left;\"><strong>Reactive Youth<\/strong><\/h3>\n<p>&nbsp;<\/p>\n<p><span>Es un proyecto colaborativo para la concienciaci\u00f3n de comarca y participaci\u00f3n activa de la gente joven en la sociedad civil y transici\u00f3n a un nuevo modelo en el Valle del Ti\u00e9tar en coordinaci\u00f3n con zonas rurales similares de otros cinco pa\u00edses europeos.<\/span><\/p>\n<p>&nbsp;<\/p>\n<p>[\/et_pb_text][et_pb_button button_url=\u00bbhttps:\/\/tietarentransicion.org\/index.php\/reactive-youth\/\u00bb button_text=\u00bbVer iniciativa\u00bb _builder_version=\u00bb4.2.2&#8243; custom_button=\u00bbon\u00bb button_text_color=\u00bb#ffffff\u00bb button_bg_color=\u00bb#398d73&#8243; button_border_width=\u00bb10px\u00bb button_border_color=\u00bbrgba(0,0,0,0)\u00bb button_border_radius=\u00bb84px\u00bb button_icon=\u00bb%%40%%\u00bb box_shadow_style=\u00bbpreset1&#8243;][\/et_pb_button][\/et_pb_column][et_pb_column type=\u00bb1_2&#8243; _builder_version=\u00bb4.2.2&#8243;][et_pb_image src=\u00bbhttps:\/\/tietarentransicion.org\/wp-content\/uploads\/2024\/05\/young-people.jpg\u00bb _builder_version=\u00bb4.2.2&#8243;][\/et_pb_image][\/et_pb_column][\/et_pb_row][et_pb_row column_structure=\u00bb1_2,1_2&#8243; _builder_version=\u00bb4.2.2&#8243;][et_pb_column type=\u00bb1_2&#8243; _builder_version=\u00bb4.2.2&#8243;][et_pb_text _builder_version=\u00bb4.2.2&#8243; header_2_font=\u00bbVerdana||||||||\u00bb header_2_text_color=\u00bb#398d73&#8243; header_2_font_size=\u00bb31px\u00bb header_3_text_color=\u00bb#5b8500&#8243; hover_enabled=\u00bb0&#8243;]<\/p>\n<h3 style=\"text-align: left;\"><strong>Presentaci\u00f3n Conama 2024<\/strong><\/h3>\n<p>&nbsp;<\/p>\n<p>Este documento presenta la labor de la <strong data-start=\"160\" data-end=\"212\">Plataforma Valle del Ti\u00e9tar en Transici\u00f3n (PVTT)<\/strong>, una asociaci\u00f3n ciudadana que impulsa un modelo de desarrollo sostenible para el Valle del Ti\u00e9tar, desde una perspectiva <strong data-start=\"334\" data-end=\"350\">biorregional<\/strong>. En el marco del Congreso Nacional del Medio Ambiente (CONAMA 2024), se exponen sus objetivos, proyectos y metodolog\u00edas, as\u00ed como los retos y aprendizajes obtenidos en su recorrido.<\/p>\n<p>&nbsp;<\/p>\n<p>[\/et_pb_text][et_pb_button button_url=\u00bbhttps:\/\/tietarentransicion.org\/wp-content\/uploads\/2025\/03\/CONAMA-2025.pdf\u00bb button_text=\u00bbDescargar documento\u00bb _builder_version=\u00bb4.2.2&#8243; custom_button=\u00bbon\u00bb button_text_color=\u00bb#ffffff\u00bb button_bg_color=\u00bb#398d73&#8243; button_border_width=\u00bb10px\u00bb button_border_color=\u00bbrgba(0,0,0,0)\u00bb button_border_radius=\u00bb84px\u00bb button_icon=\u00bb%%40%%\u00bb hover_enabled=\u00bb0&#8243; box_shadow_style=\u00bbpreset1&#8243;][\/et_pb_button][\/et_pb_column][et_pb_column type=\u00bb1_2&#8243; _builder_version=\u00bb4.2.2&#8243;][et_pb_image src=\u00bbhttps:\/\/tietarentransicion.org\/wp-content\/uploads\/2025\/03\/conama-2024.jpg\u00bb _builder_version=\u00bb4.2.2&#8243; hover_enabled=\u00bb0&#8243;][\/et_pb_image][\/et_pb_column][\/et_pb_row][et_pb_row _builder_version=\u00bb4.2.2&#8243;][et_pb_column type=\u00bb4_4&#8243; _builder_version=\u00bb4.2.2&#8243;][et_pb_button button_text=\u00bbVer todos los proyectos\u00bb button_alignment=\u00bbcenter\u00bb disabled_on=\u00bbon|on|on\u00bb _builder_version=\u00bb4.2.2&#8243; custom_button=\u00bbon\u00bb button_text_size=\u00bb24px\u00bb button_text_color=\u00bb#ffffff\u00bb button_bg_color=\u00bb#e09900&#8243; disabled=\u00bbon\u00bb][\/et_pb_button][\/et_pb_column][\/et_pb_row][\/et_pb_section][et_pb_section fb_built=\u00bb1&#8243; module_id=\u00bb\u00danete\u00bb _builder_version=\u00bb4.2.2&#8243; background_color=\u00bb#474747&#8243; global_module=\u00bb178&#8243; saved_tabs=\u00bball\u00bb][et_pb_row _builder_version=\u00bb4.2.2&#8243;][et_pb_column type=\u00bb4_4&#8243; _builder_version=\u00bb4.2.2&#8243;][et_pb_text _builder_version=\u00bb4.2.2&#8243; header_2_font=\u00bbVerdana||||||||\u00bb header_2_text_color=\u00bb#398d73&#8243; header_2_font_size=\u00bb31px\u00bb custom_margin=\u00bb||-80px|||\u00bb]<\/p>\n<h2 style=\"text-align: center;\"><span style=\"color: #ff9900;\"><b>\u00a1Mejoremos el Valle! \u00danete a la Plataforma<\/b><\/span><\/h2>\n<p>&nbsp;<\/p>\n<p>[\/et_pb_text][et_pb_image src=\u00bbhttps:\/\/tietarentransicion.org\/wp-content\/uploads\/2024\/04\/Diseno-sin-titulo.png\u00bb align=\u00bbcenter\u00bb force_fullwidth=\u00bbon\u00bb _builder_version=\u00bb4.2.2&#8243; min_height=\u00bb275.4px\u00bb custom_padding=\u00bb||0px|||\u00bb][\/et_pb_image][\/et_pb_column][\/et_pb_row][et_pb_row column_structure=\u00bb1_2,1_2&#8243; _builder_version=\u00bb4.2.2&#8243;][et_pb_column type=\u00bb1_2&#8243; _builder_version=\u00bb4.2.2&#8243;][et_pb_text _builder_version=\u00bb4.2.2&#8243; header_2_font=\u00bbVerdana||||||||\u00bb header_2_text_color=\u00bb#398d73&#8243; header_2_font_size=\u00bb31px\u00bb]<\/p>\n<p><span style=\"color: #ffffff;\">Tenemos un gran compromiso con la preservaci\u00f3n y el desarrollo sostenible de nuestro entorno. Estamos llevando a cabo varios proyectos que tienen como objetivo mejorar la calidad de vida de quienes vivimos aqu\u00ed y proteger la belleza natural de nuestra regi\u00f3n.<\/span><\/p>\n<p><span style=\"color: #ffffff;\">Pero para seguir creciendo y haciendo la diferencia, necesitamos tu apoyo. \u00a1Tu participaci\u00f3n es fundamental para que nuestros proyectos tengan un alcance a\u00fan mayor!<\/span><\/p>\n<p><span style=\"color: #ffffff;\">Si te interesa contribuir con tu tiempo, tus ideas o tu apoyo, \u00a1no dudes en unirte a nuestra Plataforma! Podemos hacer del Valle del Ti\u00e9tar un lugar a\u00fan mejor para vivir, disfrutar y conservar para las generaciones futuras.<\/span><\/p>\n<p><span style=\"color: #ffffff;\">\u00a0<\/span><\/p>\n<p>[\/et_pb_text][\/et_pb_column][et_pb_column type=\u00bb1_2&#8243; _builder_version=\u00bb4.2.2&#8243;][et_pb_text _builder_version=\u00bb4.2.2&#8243; header_2_font=\u00bbVerdana||||||||\u00bb header_2_text_color=\u00bb#398d73&#8243; header_2_font_size=\u00bb31px\u00bb]<\/p>\n<p><strong><span style=\"color: #ffffff;\">Puedes contactarnos a trav\u00e9s del correo <a href=\"mailto:secretaria@tietarentransicion.org\" target=\"_blank\" rel=\"noopener\">secretaria@tietarentransicion.org<\/a><\/span><\/strong><\/p>\n<p><span style=\"color: #ffffff;\">\u00a0<\/span><\/p>\n<p>[\/et_pb_text][et_pb_contact_form email=\u00bbsecretaria@tietarentransicion.org\u00bb success_message=\u00bbGracias por contactarnos, te responderemos lo antes posible\u00bb submit_button_text=\u00bbEnviar\u00bb disabled_on=\u00bbon|on|on\u00bb _builder_version=\u00bb4.2.2&#8243; form_field_background_color=\u00bb#ffffff\u00bb form_field_text_color=\u00bb#000000&#8243; title_text_color=\u00bb#ffffff\u00bb captcha_text_color=\u00bb#ffffff\u00bb custom_button=\u00bbon\u00bb button_text_color=\u00bb#ffffff\u00bb button_bg_color=\u00bb#e09900&#8243; button_border_color=\u00bb#ffffff\u00bb button_border_radius=\u00bb100px\u00bb disabled=\u00bbon\u00bb][et_pb_contact_field field_id=\u00bbName\u00bb field_title=\u00bbNombre\u00bb _builder_version=\u00bb3.16&#8243; button_text_size__hover_enabled=\u00bboff\u00bb button_one_text_size__hover_enabled=\u00bboff\u00bb button_two_text_size__hover_enabled=\u00bboff\u00bb button_text_color__hover_enabled=\u00bboff\u00bb button_one_text_color__hover_enabled=\u00bboff\u00bb button_two_text_color__hover_enabled=\u00bboff\u00bb button_border_width__hover_enabled=\u00bboff\u00bb button_one_border_width__hover_enabled=\u00bboff\u00bb button_two_border_width__hover_enabled=\u00bboff\u00bb button_border_color__hover_enabled=\u00bboff\u00bb button_one_border_color__hover_enabled=\u00bboff\u00bb button_two_border_color__hover_enabled=\u00bboff\u00bb button_border_radius__hover_enabled=\u00bboff\u00bb button_one_border_radius__hover_enabled=\u00bboff\u00bb button_two_border_radius__hover_enabled=\u00bboff\u00bb button_letter_spacing__hover_enabled=\u00bboff\u00bb button_one_letter_spacing__hover_enabled=\u00bboff\u00bb button_two_letter_spacing__hover_enabled=\u00bboff\u00bb button_bg_color__hover_enabled=\u00bboff\u00bb button_one_bg_color__hover_enabled=\u00bboff\u00bb button_two_bg_color__hover_enabled=\u00bboff\u00bb][\/et_pb_contact_field][et_pb_contact_field field_id=\u00bbEmail\u00bb field_title=\u00bbDirecci\u00f3n de correo electr\u00f3nico\u00bb field_type=\u00bbemail\u00bb _builder_version=\u00bb3.16&#8243; button_text_size__hover_enabled=\u00bboff\u00bb button_one_text_size__hover_enabled=\u00bboff\u00bb button_two_text_size__hover_enabled=\u00bboff\u00bb button_text_color__hover_enabled=\u00bboff\u00bb button_one_text_color__hover_enabled=\u00bboff\u00bb button_two_text_color__hover_enabled=\u00bboff\u00bb button_border_width__hover_enabled=\u00bboff\u00bb button_one_border_width__hover_enabled=\u00bboff\u00bb button_two_border_width__hover_enabled=\u00bboff\u00bb button_border_color__hover_enabled=\u00bboff\u00bb button_one_border_color__hover_enabled=\u00bboff\u00bb button_two_border_color__hover_enabled=\u00bboff\u00bb button_border_radius__hover_enabled=\u00bboff\u00bb button_one_border_radius__hover_enabled=\u00bboff\u00bb button_two_border_radius__hover_enabled=\u00bboff\u00bb button_letter_spacing__hover_enabled=\u00bboff\u00bb button_one_letter_spacing__hover_enabled=\u00bboff\u00bb button_two_letter_spacing__hover_enabled=\u00bboff\u00bb button_bg_color__hover_enabled=\u00bboff\u00bb button_one_bg_color__hover_enabled=\u00bboff\u00bb button_two_bg_color__hover_enabled=\u00bboff\u00bb][\/et_pb_contact_field][et_pb_contact_field field_id=\u00bbMessage\u00bb field_title=\u00bbMensaje\u00bb field_type=\u00bbtext\u00bb fullwidth_field=\u00bbon\u00bb _builder_version=\u00bb3.16&#8243; button_text_size__hover_enabled=\u00bboff\u00bb button_one_text_size__hover_enabled=\u00bboff\u00bb button_two_text_size__hover_enabled=\u00bboff\u00bb button_text_color__hover_enabled=\u00bboff\u00bb button_one_text_color__hover_enabled=\u00bboff\u00bb button_two_text_color__hover_enabled=\u00bboff\u00bb button_border_width__hover_enabled=\u00bboff\u00bb button_one_border_width__hover_enabled=\u00bboff\u00bb button_two_border_width__hover_enabled=\u00bboff\u00bb button_border_color__hover_enabled=\u00bboff\u00bb button_one_border_color__hover_enabled=\u00bboff\u00bb button_two_border_color__hover_enabled=\u00bboff\u00bb button_border_radius__hover_enabled=\u00bboff\u00bb button_one_border_radius__hover_enabled=\u00bboff\u00bb button_two_border_radius__hover_enabled=\u00bboff\u00bb button_letter_spacing__hover_enabled=\u00bboff\u00bb button_one_letter_spacing__hover_enabled=\u00bboff\u00bb button_two_letter_spacing__hover_enabled=\u00bboff\u00bb button_bg_color__hover_enabled=\u00bboff\u00bb button_one_bg_color__hover_enabled=\u00bboff\u00bb button_two_bg_color__hover_enabled=\u00bboff\u00bb][\/et_pb_contact_field][et_pb_contact_field field_id=\u00bbpoliticas\u00bb field_title=\u00bbCampos obligatorios\u00bb field_type=\u00bbcheckbox\u00bb checkbox_options=\u00bb%91{%22value%22:%22Politicas de Privacidad%22,%22checked%22:0,%22dragID%22:-1}%93&#8243; fullwidth_field=\u00bbon\u00bb _builder_version=\u00bb4.2.2&#8243; form_field_background_color=\u00bb#ffffff\u00bb form_field_text_color=\u00bb#e09900&#8243; form_field_focus_background_color=\u00bb#e09900&#8243; form_field_focus_text_color=\u00bb#e09900&#8243; background_color=\u00bbrgba(0,0,0,0)\u00bb background_enable_color=\u00bbon\u00bb][\/et_pb_contact_field][\/et_pb_contact_form][\/et_pb_column][\/et_pb_row][et_pb_row _builder_version=\u00bb4.2.2&#8243;][et_pb_column type=\u00bb4_4&#8243; _builder_version=\u00bb4.2.2&#8243;][et_pb_text disabled_on=\u00bbon|on|on\u00bb _builder_version=\u00bb4.2.2&#8243; header_2_font=\u00bbVerdana||||||||\u00bb header_2_text_color=\u00bb#398d73&#8243; header_2_font_size=\u00bb31px\u00bb disabled=\u00bbon\u00bb]<\/p>\n<h2 style=\"text-align: center;\"><span style=\"color: #ffffff;\"><b>Organizaciones que nos apoyan<\/b><\/span><\/h2>\n<p>&nbsp;<\/p>\n<p>[\/et_pb_text][\/et_pb_column][\/et_pb_row][\/et_pb_section]<\/p>\n","protected":false},"excerpt":{"rendered":"<p>[et_pb_section fb_built=\u00bb1&#8243; admin_label=\u00bbsection\u00bb _builder_version=\u00bb4.2.2&#8243; background_color=\u00bb#7cda24&#8243; use_background_color_gradient=\u00bbon\u00bb background_image=\u00bbhttps:\/\/tietarentransicion.org\/wp-content\/uploads\/2024\/02\/PVTT-Vista-rosarito.jpg\u00bb custom_padding=\u00bb216px||95px|||\u00bb][et_pb_row _builder_version=\u00bb4.2.2&#8243;][et_pb_column type=\u00bb4_4&#8243; _builder_version=\u00bb4.2.2&#8243;][et_pb_text content_tablet=\u00bb Bienvenido a la Plataforma Valle del Ti\u00e9tar en Transici\u00f3n \u00bb content_phone=\u00bb Bienvenido a la Plataforma Valle del Ti\u00e9tar en Transici\u00f3n \u00bb content_last_edited=\u00bbon|phone\u00bb _builder_version=\u00bb4.2.2&#8243; header_text_color=\u00bb#ffffff\u00bb header_font_size=\u00bb48px\u00bb header_line_height=\u00bb1.4em\u00bb header_2_text_color=\u00bb#ffffff\u00bb header_2_font_size=\u00bb39px\u00bb header_2_line_height=\u00bb1.2em\u00bb custom_margin=\u00bb60px||69px|||\u00bb animation_style=\u00bbfade\u00bb header_font_size_tablet=\u00bb40px\u00bb header_font_size_phone=\u00bb34px\u00bb header_font_size_last_edited=\u00bbon|phone\u00bb header_text_shadow_style=\u00bbpreset1&#8243;] Plataforma Valle del Ti\u00e9tar en Transici\u00f3n [\/et_pb_text][\/et_pb_column][\/et_pb_row][\/et_pb_section][et_pb_section fb_built=\u00bb1&#8243; [&hellip;]<\/p>\n","protected":false},"author":1,"featured_media":0,"parent":0,"menu_order":0,"comment_status":"closed","ping_status":"closed","template":"","meta":{"_et_pb_use_builder":"on","_et_pb_old_content":"<!-- wp:paragraph -->\r\n<p>This is an example page. It's different from a blog post because it will stay in one place and will show up in your site navigation (in most themes). Most people start with an About page that introduces them to potential site visitors. It might say something like this:<\/p>\r\n<!-- \/wp:paragraph -->\r\n\r\n<!-- wp:quote -->\r\n<blockquote class=\"wp-block-quote\"><p>Hi there! I'm a bike messenger by day, aspiring actor by night, and this is my website. I live in Los Angeles, have a great dog named Jack, and I like pi\u00f1a coladas. (And gettin' caught in the rain.)<\/p><\/blockquote>\r\n<!-- \/wp:quote -->\r\n\r\n<!-- wp:paragraph -->\r\n<p>...or something like this:<\/p>\r\n<!-- \/wp:paragraph -->\r\n\r\n<!-- wp:quote -->\r\n<blockquote class=\"wp-block-quote\"><p>The XYZ Doohickey Company was founded in 1971, and has been providing quality doohickeys to the public ever since. Located in Gotham City, XYZ employs over 2,000 people and does all kinds of awesome things for the Gotham community.<\/p><\/blockquote>\r\n<!-- \/wp:quote -->\r\n\r\n<!-- wp:paragraph -->\r\n<p>As a new WordPress user, you should go to <a href=\"https:\/\/tietarentransicion.org\/wp-admin\/\">your dashboard<\/a> to delete this page and create new pages for your content. Have fun!<\/p>\r\n<!-- \/wp:paragraph -->","_et_gb_content_width":"","footnotes":""},"class_list":["post-2","page","type-page","status-publish","hentry"],"yoast_head":"<!-- This site is optimized with the Yoast SEO plugin v27.6 - https:\/\/yoast.com\/product\/yoast-seo-wordpress\/ -->\n<title>Plataforma Ti\u00e9tar en Transici\u00f3n - Tietar en Transici\u00f3n<\/title>\n<meta name=\"robots\" content=\"index, follow, max-snippet:-1, max-image-preview:large, max-video-preview:-1\" \/>\n<link rel=\"canonical\" href=\"https:\/\/tietarentransicion.org\/\" \/>\n<meta property=\"og:locale\" content=\"es_ES\" \/>\n<meta property=\"og:type\" content=\"article\" \/>\n<meta property=\"og:title\" content=\"Plataforma Ti\u00e9tar en Transici\u00f3n - Tietar en Transici\u00f3n\" \/>\n<meta property=\"og:description\" content=\"[et_pb_section fb_built=\u00bb1&#8243; admin_label=\u00bbsection\u00bb _builder_version=\u00bb4.2.2&#8243; background_color=\u00bb#7cda24&#8243; use_background_color_gradient=\u00bbon\u00bb background_image=\u00bbhttps:\/\/tietarentransicion.org\/wp-content\/uploads\/2024\/02\/PVTT-Vista-rosarito.jpg\u00bb custom_padding=\u00bb216px||95px|||\u00bb][et_pb_row _builder_version=\u00bb4.2.2&#8243;][et_pb_column type=\u00bb4_4&#8243; _builder_version=\u00bb4.2.2&#8243;][et_pb_text content_tablet=\u00bb Bienvenido a la Plataforma Valle del Ti\u00e9tar en Transici\u00f3n \u00bb content_phone=\u00bb Bienvenido a la Plataforma Valle del Ti\u00e9tar en Transici\u00f3n \u00bb content_last_edited=\u00bbon|phone\u00bb _builder_version=\u00bb4.2.2&#8243; header_text_color=\u00bb#ffffff\u00bb header_font_size=\u00bb48px\u00bb header_line_height=\u00bb1.4em\u00bb header_2_text_color=\u00bb#ffffff\u00bb header_2_font_size=\u00bb39px\u00bb header_2_line_height=\u00bb1.2em\u00bb custom_margin=\u00bb60px||69px|||\u00bb animation_style=\u00bbfade\u00bb header_font_size_tablet=\u00bb40px\u00bb header_font_size_phone=\u00bb34px\u00bb header_font_size_last_edited=\u00bbon|phone\u00bb header_text_shadow_style=\u00bbpreset1&#8243;] Plataforma Valle del Ti\u00e9tar en Transici\u00f3n [\/et_pb_text][\/et_pb_column][\/et_pb_row][\/et_pb_section][et_pb_section fb_built=\u00bb1&#8243; [&hellip;]\" \/>\n<meta property=\"og:url\" content=\"https:\/\/tietarentransicion.org\/\" \/>\n<meta property=\"og:site_name\" content=\"Tietar en Transici\u00f3n\" \/>\n<meta property=\"article:modified_time\" content=\"2025-03-28T20:35:09+00:00\" \/>\n<meta name=\"twitter:card\" content=\"summary_large_image\" \/>\n<meta name=\"twitter:label1\" content=\"Tiempo de lectura\" \/>\n\t<meta name=\"twitter:data1\" content=\"3 minutos\" \/>\n<script type=\"application\/ld+json\" class=\"yoast-schema-graph\">{\"@context\":\"https:\\\/\\\/schema.org\",\"@graph\":[{\"@type\":\"WebPage\",\"@id\":\"https:\\\/\\\/tietarentransicion.org\\\/\",\"url\":\"https:\\\/\\\/tietarentransicion.org\\\/\",\"name\":\"Plataforma Ti\u00e9tar en Transici\u00f3n - Tietar en Transici\u00f3n\",\"isPartOf\":{\"@id\":\"https:\\\/\\\/tietarentransicion.org\\\/#website\"},\"datePublished\":\"2023-10-03T10:01:17+00:00\",\"dateModified\":\"2025-03-28T20:35:09+00:00\",\"breadcrumb\":{\"@id\":\"https:\\\/\\\/tietarentransicion.org\\\/#breadcrumb\"},\"inLanguage\":\"es\",\"potentialAction\":[{\"@type\":\"ReadAction\",\"target\":[\"https:\\\/\\\/tietarentransicion.org\\\/\"]}]},{\"@type\":\"BreadcrumbList\",\"@id\":\"https:\\\/\\\/tietarentransicion.org\\\/#breadcrumb\",\"itemListElement\":[{\"@type\":\"ListItem\",\"position\":1,\"name\":\"Portada\",\"item\":\"https:\\\/\\\/tietarentransicion.org\\\/\"},{\"@type\":\"ListItem\",\"position\":2,\"name\":\"Plataforma Ti\u00e9tar en Transici\u00f3n\"}]},{\"@type\":\"WebSite\",\"@id\":\"https:\\\/\\\/tietarentransicion.org\\\/#website\",\"url\":\"https:\\\/\\\/tietarentransicion.org\\\/\",\"name\":\"Tietar en Transici\u00f3n\",\"description\":\"\",\"potentialAction\":[{\"@type\":\"SearchAction\",\"target\":{\"@type\":\"EntryPoint\",\"urlTemplate\":\"https:\\\/\\\/tietarentransicion.org\\\/?s={search_term_string}\"},\"query-input\":{\"@type\":\"PropertyValueSpecification\",\"valueRequired\":true,\"valueName\":\"search_term_string\"}}],\"inLanguage\":\"es\"}]}<\/script>\n<!-- \/ Yoast SEO plugin. -->","yoast_head_json":{"title":"Plataforma Ti\u00e9tar en Transici\u00f3n - Tietar en Transici\u00f3n","robots":{"index":"index","follow":"follow","max-snippet":"max-snippet:-1","max-image-preview":"max-image-preview:large","max-video-preview":"max-video-preview:-1"},"canonical":"https:\/\/tietarentransicion.org\/","og_locale":"es_ES","og_type":"article","og_title":"Plataforma Ti\u00e9tar en Transici\u00f3n - Tietar en Transici\u00f3n","og_description":"[et_pb_section fb_built=\u00bb1&#8243; admin_label=\u00bbsection\u00bb _builder_version=\u00bb4.2.2&#8243; background_color=\u00bb#7cda24&#8243; use_background_color_gradient=\u00bbon\u00bb background_image=\u00bbhttps:\/\/tietarentransicion.org\/wp-content\/uploads\/2024\/02\/PVTT-Vista-rosarito.jpg\u00bb custom_padding=\u00bb216px||95px|||\u00bb][et_pb_row _builder_version=\u00bb4.2.2&#8243;][et_pb_column type=\u00bb4_4&#8243; _builder_version=\u00bb4.2.2&#8243;][et_pb_text content_tablet=\u00bb Bienvenido a la Plataforma Valle del Ti\u00e9tar en Transici\u00f3n \u00bb content_phone=\u00bb Bienvenido a la Plataforma Valle del Ti\u00e9tar en Transici\u00f3n \u00bb content_last_edited=\u00bbon|phone\u00bb _builder_version=\u00bb4.2.2&#8243; header_text_color=\u00bb#ffffff\u00bb header_font_size=\u00bb48px\u00bb header_line_height=\u00bb1.4em\u00bb header_2_text_color=\u00bb#ffffff\u00bb header_2_font_size=\u00bb39px\u00bb header_2_line_height=\u00bb1.2em\u00bb custom_margin=\u00bb60px||69px|||\u00bb animation_style=\u00bbfade\u00bb header_font_size_tablet=\u00bb40px\u00bb header_font_size_phone=\u00bb34px\u00bb header_font_size_last_edited=\u00bbon|phone\u00bb header_text_shadow_style=\u00bbpreset1&#8243;] Plataforma Valle del Ti\u00e9tar en Transici\u00f3n [\/et_pb_text][\/et_pb_column][\/et_pb_row][\/et_pb_section][et_pb_section fb_built=\u00bb1&#8243; [&hellip;]","og_url":"https:\/\/tietarentransicion.org\/","og_site_name":"Tietar en Transici\u00f3n","article_modified_time":"2025-03-28T20:35:09+00:00","twitter_card":"summary_large_image","twitter_misc":{"Tiempo de lectura":"3 minutos"},"schema":{"@context":"https:\/\/schema.org","@graph":[{"@type":"WebPage","@id":"https:\/\/tietarentransicion.org\/","url":"https:\/\/tietarentransicion.org\/","name":"Plataforma Ti\u00e9tar en Transici\u00f3n - Tietar en Transici\u00f3n","isPartOf":{"@id":"https:\/\/tietarentransicion.org\/#website"},"datePublished":"2023-10-03T10:01:17+00:00","dateModified":"2025-03-28T20:35:09+00:00","breadcrumb":{"@id":"https:\/\/tietarentransicion.org\/#breadcrumb"},"inLanguage":"es","potentialAction":[{"@type":"ReadAction","target":["https:\/\/tietarentransicion.org\/"]}]},{"@type":"BreadcrumbList","@id":"https:\/\/tietarentransicion.org\/#breadcrumb","itemListElement":[{"@type":"ListItem","position":1,"name":"Portada","item":"https:\/\/tietarentransicion.org\/"},{"@type":"ListItem","position":2,"name":"Plataforma Ti\u00e9tar en Transici\u00f3n"}]},{"@type":"WebSite","@id":"https:\/\/tietarentransicion.org\/#website","url":"https:\/\/tietarentransicion.org\/","name":"Tietar en Transici\u00f3n","description":"","potentialAction":[{"@type":"SearchAction","target":{"@type":"EntryPoint","urlTemplate":"https:\/\/tietarentransicion.org\/?s={search_term_string}"},"query-input":{"@type":"PropertyValueSpecification","valueRequired":true,"valueName":"search_term_string"}}],"inLanguage":"es"}]}},"_links":{"self":[{"href":"https:\/\/tietarentransicion.org\/index.php\/wp-json\/wp\/v2\/pages\/2","targetHints":{"allow":["GET"]}}],"collection":[{"href":"https:\/\/tietarentransicion.org\/index.php\/wp-json\/wp\/v2\/pages"}],"about":[{"href":"https:\/\/tietarentransicion.org\/index.php\/wp-json\/wp\/v2\/types\/page"}],"author":[{"embeddable":true,"href":"https:\/\/tietarentransicion.org\/index.php\/wp-json\/wp\/v2\/users\/1"}],"replies":[{"embeddable":true,"href":"https:\/\/tietarentransicion.org\/index.php\/wp-json\/wp\/v2\/comments?post=2"}],"version-history":[{"count":56,"href":"https:\/\/tietarentransicion.org\/index.php\/wp-json\/wp\/v2\/pages\/2\/revisions"}],"predecessor-version":[{"id":402,"href":"https:\/\/tietarentransicion.org\/index.php\/wp-json\/wp\/v2\/pages\/2\/revisions\/402"}],"wp:attachment":[{"href":"https:\/\/tietarentransicion.org\/index.php\/wp-json\/wp\/v2\/media?parent=2"}],"curies":[{"name":"wp","href":"https:\/\/api.w.org\/{rel}","templated":true}]}}