{"id":334,"date":"2025-01-17T10:44:24","date_gmt":"2025-01-17T10:44:24","guid":{"rendered":"https:\/\/tietarentransicion.org\/?page_id=334"},"modified":"2025-01-17T18:33:05","modified_gmt":"2025-01-17T18:33:05","slug":"jornada-fin-del-proyecto","status":"publish","type":"page","link":"https:\/\/tietarentransicion.org\/index.php\/jornada-fin-del-proyecto\/","title":{"rendered":"Jornada Fin del Proyecto \u201cREACTIVE YOUTH\u201d \u201cJ\u00d3VENES EN ACCI\u00d3N\u201d"},"content":{"rendered":"<p>[et_pb_section fb_built=\u00bb1&#8243; _builder_version=\u00bb4.2.2&#8243;][et_pb_row column_structure=\u00bb1_3,1_3,1_3&#8243; _builder_version=\u00bb4.2.2&#8243; hover_enabled=\u00bb0&#8243; disabled_on=\u00bboff|off|off\u00bb][et_pb_column type=\u00bb1_3&#8243; _builder_version=\u00bb4.2.2&#8243;][\/et_pb_column][et_pb_column type=\u00bb1_3&#8243; _builder_version=\u00bb4.2.2&#8243;][et_pb_divider show_divider=\u00bboff\u00bb _builder_version=\u00bb4.2.2&#8243;][\/et_pb_divider][et_pb_divider show_divider=\u00bboff\u00bb _builder_version=\u00bb4.2.2&#8243; custom_margin=\u00bb-4px|||||\u00bb][\/et_pb_divider][et_pb_divider show_divider=\u00bboff\u00bb disabled_on=\u00bboff|on|on\u00bb _builder_version=\u00bb4.2.2&#8243;][\/et_pb_divider][et_pb_image src=\u00bbhttps:\/\/tietarentransicion.org\/wp-content\/uploads\/2025\/01\/reactive-youth.png\u00bb _builder_version=\u00bb4.2.2&#8243;][\/et_pb_image][\/et_pb_column][et_pb_column type=\u00bb1_3&#8243; _builder_version=\u00bb4.2.2&#8243;][\/et_pb_column][\/et_pb_row][et_pb_row _builder_version=\u00bb4.2.2&#8243; border_color_all=\u00bbrgba(0,0,0,0)\u00bb][et_pb_column type=\u00bb4_4&#8243; _builder_version=\u00bb4.2.2&#8243;][et_pb_text _builder_version=\u00bb4.2.2&#8243; header_2_font=\u00bbVerdana||||||||\u00bb header_2_text_color=\u00bb#398d73&#8243; header_2_font_size=\u00bb31px\u00bb]<\/p>\n<h2 style=\"text-align: center;\"><span style=\"color: #008000;\">\u00a0 <strong>La PVTT Plataforma Valle del Ti\u00e9tar en Transici\u00f3n organiza una Jornada Fin del Proyecto \u201cREACTIVE YOUTH\u201d \u201cJ\u00d3VENES EN ACCI\u00d3N\u201d<\/strong><\/span><\/h2>\n<h3 style=\"text-align: center;\"><em>Activismo Rural, Local y Transnacional<\/em><\/h3>\n<h3 style=\"text-align: center;\"><\/h3>\n<h3 style=\"text-align: center;\">Que tendr\u00e1 lugar el 25 de enero de 2025 en el Ayuntamiento de Casavieja.<br \/> Construiremos un Di\u00e1logo en torno al Territorio del Valle del Ti\u00e9tar.<\/h3>\n<p>[\/et_pb_text][et_pb_text _builder_version=\u00bb4.2.2&#8243; header_2_font=\u00bbVerdana||||||||\u00bb header_2_text_color=\u00bb#398d73&#8243; header_2_font_size=\u00bb31px\u00bb]<\/p>\n<h2>Programa<\/h2>\n<p>[\/et_pb_text][et_pb_text _builder_version=\u00bb4.2.2&#8243; header_2_font=\u00bbVerdana||||||||\u00bb header_2_text_color=\u00bb#398d73&#8243; header_2_font_size=\u00bb31px\u00bb]<\/p>\n<h3><u>Primera parte:<\/u><\/h3>\n<p><u><\/u><\/p>\n<p><span style=\"color: #008000;\"><strong>10:00\u00a0 Puertas abiertas en la Sala de Plenos.<\/strong><\/span><\/p>\n<p><strong style=\"color: #008000; font-size: 14px;\">10:30\u00a0 Presentaci\u00f3n del evento.<\/strong><strong><\/strong><\/p>\n<p><strong style=\"font-size: 14px; color: #008000;\">10:40\u00a0 Ponencias en la Sala de Plenos:<\/strong><\/p>\n<ol>\n<li><u>Nuevos paradigmas territoriales<\/u>, a cargo de Fernando Prats Palazuelo, Arquitecto urbanista, coautor de los libros \u201cLa Gran Encrucijada\u201d, Ciudade en Movimiento\u201d y \u201cBiorregiones\u201d, pertenece al Foro Transiciones, a Futuro Alternativo, al Consejo Asesor de la Revista Ciudades Sostenibles y a los \u00a0Consejos Cient\u00edficos de la Fundaci\u00f3n Renovables y de la Asociaci\u00f3n\u00a0 Sostenibilidad y Arquitectura (ASA).<\/li>\n<li><u>Din\u00e1mica antr\u00f3pica de los ecosistemas monta\u00f1osos de Gredos<\/u>, a cargo de Sandra Robles L\u00f3pez, doctora en paleoecolog\u00eda, educadora ambiental, con ra\u00edces en Pedro Bernardo, amante de la naturaleza y la ilustraci\u00f3n bot\u00e1nica.<\/li>\n<li>\u00a0Intervenci\u00f3n del p\u00fablico, espacio de preguntas.<\/li>\n<\/ol>\n<p>&nbsp;<\/p>\n<p><span style=\"color: #008000;\"><strong>12:00\u00a0 En la Casa del Secretario:<\/strong><\/span><\/p>\n<p>Presentaci\u00f3n del trabajo de coordinaci\u00f3n de la PVTT, resultados del proyecto\u201c Reactive Youth\u201d y espacio de preguntas.<\/p>\n<p><em>\u00a0 \u00a0\u00a0<\/em><\/p>\n<p><span style=\"color: #008000;\"><strong>12:30\u00a0 Pausa caf\u00e9.<\/strong><\/span><\/p>\n<p>&nbsp;<\/p>\n<h3><u>Segunda parte:<\/u><\/h3>\n<p><u><\/u><\/p>\n<p><span style=\"color: #008000;\"><strong>13:00\u00a0\u00a0 Presentaci\u00f3n de ponentes:<\/strong><\/span><\/p>\n<p>Mesa redonda \u201cTerritorio y Sostenibilidad en el Valle del Ti\u00e9tar\u201d.\u00a0<span style=\"font-size: 14px;\">Espacio de interacci\u00f3n\/preguntas con el p\u00fablico.<\/span><\/p>\n<p>&nbsp;<\/p>\n<p><span style=\"color: #008000;\"><strong>14:00.\u00a0 Cierre con las dos o tres ideas de la mesa.<\/strong><\/span><\/p>\n<p><strong style=\"color: #008000; font-size: 14px;\">14:10\u00a0\u00a0 \u201cPremio Encina\u201d al mejor proyecto joven de Buenas Pr\u00e1cticas\u00a0en el Valle del Ti\u00e9tar.<\/strong><\/p>\n<p><span style=\"color: #008000;\">\u00a0<\/span><strong style=\"font-size: 14px;\"><span style=\"color: #008000;\">14:15\u00a0 Concierto de Amalfi y cierre del acto seguido de un tentempi\u00e9.\u00a0\u00a0\u00a0\u00a0\u00a0\u00a0\u00a0\u00a0\u00a0<\/span>\u00a0<\/strong><\/p>\n<blockquote><\/blockquote>\n<p>&nbsp;<\/p>\n<p>[\/et_pb_text][et_pb_divider _builder_version=\u00bb4.2.2&#8243;][\/et_pb_divider][et_pb_text _builder_version=\u00bb4.2.2&#8243; header_2_font=\u00bbVerdana||||||||\u00bb header_2_text_color=\u00bb#398d73&#8243; header_2_font_size=\u00bb31px\u00bb]<\/p>\n<h2>En estos enlaces pod\u00e9is acceder a documentos elaborados durante el proyecto \u00a0\u00a0<\/h2>\n<p>[\/et_pb_text][et_pb_text _builder_version=\u00bb4.2.2&#8243; header_2_font=\u00bbVerdana||||||||\u00bb header_2_text_color=\u00bb#398d73&#8243; header_2_font_size=\u00bb31px\u00bb]<\/p>\n<h4><span style=\"text-decoration: underline;\"><strong>Manual para trabajadores juveniles hacia la participaci\u00f3n de la juventud en zonas rurales\u00a0<\/strong><\/span><\/h4>\n<p><div class=\"sdm_download_button_box_default\"><div class=\"sdm_download_link\"><a href=\"https:\/\/tietarentransicion.org\/?sdm_process_download=1&download_id=326\" class=\"sdm_download green\" title=\"Manual para trabajadores juveniles hacia la participaci\u00f3n de la juventud en zonas rurales\" target=&quot;_blank&quot;>\u00a1Descarga ahora!<\/a><\/div><\/div>\u00a0<div class=\"sdm_download_count\"><span class=\"sdm_count_number\">274<\/span><span class=\"sdm_count_string\"> Descargas<\/span><\/div><\/li>\n<p>[\/et_pb_text][et_pb_text _builder_version=\u00bb4.2.2&#8243; header_2_font=\u00bbVerdana||||||||\u00bb header_2_text_color=\u00bb#398d73&#8243; header_2_font_size=\u00bb31px\u00bb]<\/p>\n<h4><span style=\"text-decoration: underline;\"><strong>Gu\u00eda para autoridades locales y organizaciones de la sociedad civil<\/strong><\/span><\/h4>\n<p><span style=\"text-decoration: underline;\"><div class=\"sdm_download_button_box_default\"><div class=\"sdm_download_link\"><a href=\"https:\/\/tietarentransicion.org\/?sdm_process_download=1&download_id=329\" class=\"sdm_download green\" title=\"Gu\u00eda para autoridades locales y organizaciones de la sociedad civil\" target=&quot;_blank&quot;>\u00a1Descarga ahora!<\/a><\/div><\/div>\u00a0<div class=\"sdm_download_count\"><span class=\"sdm_count_number\">261<\/span><span class=\"sdm_count_string\"> Descargas<\/span><\/div><\/span><\/p>\n<p>[\/et_pb_text][\/et_pb_column][\/et_pb_row][et_pb_row _builder_version=\u00bb4.2.2&#8243;][et_pb_column type=\u00bb4_4&#8243; _builder_version=\u00bb4.2.2&#8243;][et_pb_divider _builder_version=\u00bb4.2.2&#8243;][\/et_pb_divider][et_pb_text _builder_version=\u00bb4.2.2&#8243;]<\/p>\n<h2 style=\"text-align: center;\"><b>Colaboran<\/b><\/h2>\n<p>[\/et_pb_text][et_pb_image src=\u00bbhttps:\/\/tietarentransicion.org\/wp-content\/uploads\/2025\/01\/logos-apoyos.jpg\u00bb align=\u00bbcenter\u00bb _builder_version=\u00bb4.2.2&#8243;][\/et_pb_image][\/et_pb_column][\/et_pb_row][et_pb_row column_structure=\u00bb1_3,1_3,1_3&#8243; _builder_version=\u00bb4.2.2&#8243;][et_pb_column type=\u00bb1_3&#8243; _builder_version=\u00bb4.2.2&#8243;][et_pb_image src=\u00bbhttps:\/\/tietarentransicion.org\/wp-content\/uploads\/2025\/01\/union-europea.png\u00bb _builder_version=\u00bb4.2.2&#8243;][\/et_pb_image][\/et_pb_column][et_pb_column type=\u00bb1_3&#8243; _builder_version=\u00bb4.2.2&#8243;][\/et_pb_column][et_pb_column type=\u00bb1_3&#8243; _builder_version=\u00bb4.2.2&#8243;][\/et_pb_column][\/et_pb_row][\/et_pb_section][et_pb_section fb_built=\u00bb1&#8243; module_id=\u00bb\u00danete\u00bb _builder_version=\u00bb4.2.2&#8243; background_color=\u00bb#474747&#8243; global_module=\u00bb178&#8243; saved_tabs=\u00bball\u00bb][et_pb_row _builder_version=\u00bb4.2.2&#8243;][et_pb_column type=\u00bb4_4&#8243; _builder_version=\u00bb4.2.2&#8243;][et_pb_text _builder_version=\u00bb4.2.2&#8243; header_2_font=\u00bbVerdana||||||||\u00bb header_2_text_color=\u00bb#398d73&#8243; header_2_font_size=\u00bb31px\u00bb custom_margin=\u00bb||-80px|||\u00bb]<\/p>\n<h2 style=\"text-align: center;\"><span style=\"color: #ff9900;\"><b>\u00a1Mejoremos el Valle! \u00danete a la Plataforma<\/b><\/span><\/h2>\n<p>&nbsp;<\/p>\n<p>[\/et_pb_text][et_pb_image src=\u00bbhttps:\/\/tietarentransicion.org\/wp-content\/uploads\/2024\/04\/Diseno-sin-titulo.png\u00bb align=\u00bbcenter\u00bb force_fullwidth=\u00bbon\u00bb _builder_version=\u00bb4.2.2&#8243; min_height=\u00bb275.4px\u00bb custom_padding=\u00bb||0px|||\u00bb][\/et_pb_image][\/et_pb_column][\/et_pb_row][et_pb_row column_structure=\u00bb1_2,1_2&#8243; _builder_version=\u00bb4.2.2&#8243;][et_pb_column type=\u00bb1_2&#8243; _builder_version=\u00bb4.2.2&#8243;][et_pb_text _builder_version=\u00bb4.2.2&#8243; header_2_font=\u00bbVerdana||||||||\u00bb header_2_text_color=\u00bb#398d73&#8243; header_2_font_size=\u00bb31px\u00bb]<\/p>\n<p><span style=\"color: #ffffff;\">Tenemos un gran compromiso con la preservaci\u00f3n y el desarrollo sostenible de nuestro entorno. Estamos llevando a cabo varios proyectos que tienen como objetivo mejorar la calidad de vida de quienes vivimos aqu\u00ed y proteger la belleza natural de nuestra regi\u00f3n.<\/span><\/p>\n<p><span style=\"color: #ffffff;\">Pero para seguir creciendo y haciendo la diferencia, necesitamos tu apoyo. \u00a1Tu participaci\u00f3n es fundamental para que nuestros proyectos tengan un alcance a\u00fan mayor!<\/span><\/p>\n<p><span style=\"color: #ffffff;\">Si te interesa contribuir con tu tiempo, tus ideas o tu apoyo, \u00a1no dudes en unirte a nuestra Plataforma! Podemos hacer del Valle del Ti\u00e9tar un lugar a\u00fan mejor para vivir, disfrutar y conservar para las generaciones futuras.<\/span><\/p>\n<p><span style=\"color: #ffffff;\">\u00a0<\/span><\/p>\n<p>[\/et_pb_text][\/et_pb_column][et_pb_column type=\u00bb1_2&#8243; _builder_version=\u00bb4.2.2&#8243;][et_pb_text _builder_version=\u00bb4.2.2&#8243; header_2_font=\u00bbVerdana||||||||\u00bb header_2_text_color=\u00bb#398d73&#8243; header_2_font_size=\u00bb31px\u00bb]<\/p>\n<p><strong><span style=\"color: #ffffff;\">Puedes contactarnos a trav\u00e9s del correo <a href=\"mailto:secretaria@tietarentransicion.org\" target=\"_blank\" rel=\"noopener\">secretaria@tietarentransicion.org<\/a><\/span><\/strong><\/p>\n<p><span style=\"color: #ffffff;\">\u00a0<\/span><\/p>\n<p>[\/et_pb_text][et_pb_contact_form email=\u00bbsecretaria@tietarentransicion.org\u00bb success_message=\u00bbGracias por contactarnos, te responderemos lo antes posible\u00bb submit_button_text=\u00bbEnviar\u00bb disabled_on=\u00bbon|on|on\u00bb _builder_version=\u00bb4.2.2&#8243; form_field_background_color=\u00bb#ffffff\u00bb form_field_text_color=\u00bb#000000&#8243; title_text_color=\u00bb#ffffff\u00bb captcha_text_color=\u00bb#ffffff\u00bb custom_button=\u00bbon\u00bb button_text_color=\u00bb#ffffff\u00bb button_bg_color=\u00bb#e09900&#8243; button_border_color=\u00bb#ffffff\u00bb button_border_radius=\u00bb100px\u00bb disabled=\u00bbon\u00bb][et_pb_contact_field field_id=\u00bbName\u00bb field_title=\u00bbNombre\u00bb _builder_version=\u00bb3.16&#8243; button_text_size__hover_enabled=\u00bboff\u00bb button_one_text_size__hover_enabled=\u00bboff\u00bb button_two_text_size__hover_enabled=\u00bboff\u00bb button_text_color__hover_enabled=\u00bboff\u00bb button_one_text_color__hover_enabled=\u00bboff\u00bb button_two_text_color__hover_enabled=\u00bboff\u00bb button_border_width__hover_enabled=\u00bboff\u00bb button_one_border_width__hover_enabled=\u00bboff\u00bb button_two_border_width__hover_enabled=\u00bboff\u00bb button_border_color__hover_enabled=\u00bboff\u00bb button_one_border_color__hover_enabled=\u00bboff\u00bb button_two_border_color__hover_enabled=\u00bboff\u00bb button_border_radius__hover_enabled=\u00bboff\u00bb button_one_border_radius__hover_enabled=\u00bboff\u00bb button_two_border_radius__hover_enabled=\u00bboff\u00bb button_letter_spacing__hover_enabled=\u00bboff\u00bb button_one_letter_spacing__hover_enabled=\u00bboff\u00bb button_two_letter_spacing__hover_enabled=\u00bboff\u00bb button_bg_color__hover_enabled=\u00bboff\u00bb button_one_bg_color__hover_enabled=\u00bboff\u00bb button_two_bg_color__hover_enabled=\u00bboff\u00bb][\/et_pb_contact_field][et_pb_contact_field field_id=\u00bbEmail\u00bb field_title=\u00bbDirecci\u00f3n de correo electr\u00f3nico\u00bb field_type=\u00bbemail\u00bb _builder_version=\u00bb3.16&#8243; button_text_size__hover_enabled=\u00bboff\u00bb button_one_text_size__hover_enabled=\u00bboff\u00bb button_two_text_size__hover_enabled=\u00bboff\u00bb button_text_color__hover_enabled=\u00bboff\u00bb button_one_text_color__hover_enabled=\u00bboff\u00bb button_two_text_color__hover_enabled=\u00bboff\u00bb button_border_width__hover_enabled=\u00bboff\u00bb button_one_border_width__hover_enabled=\u00bboff\u00bb button_two_border_width__hover_enabled=\u00bboff\u00bb button_border_color__hover_enabled=\u00bboff\u00bb button_one_border_color__hover_enabled=\u00bboff\u00bb button_two_border_color__hover_enabled=\u00bboff\u00bb button_border_radius__hover_enabled=\u00bboff\u00bb button_one_border_radius__hover_enabled=\u00bboff\u00bb button_two_border_radius__hover_enabled=\u00bboff\u00bb button_letter_spacing__hover_enabled=\u00bboff\u00bb button_one_letter_spacing__hover_enabled=\u00bboff\u00bb button_two_letter_spacing__hover_enabled=\u00bboff\u00bb button_bg_color__hover_enabled=\u00bboff\u00bb button_one_bg_color__hover_enabled=\u00bboff\u00bb button_two_bg_color__hover_enabled=\u00bboff\u00bb][\/et_pb_contact_field][et_pb_contact_field field_id=\u00bbMessage\u00bb field_title=\u00bbMensaje\u00bb field_type=\u00bbtext\u00bb fullwidth_field=\u00bbon\u00bb _builder_version=\u00bb3.16&#8243; button_text_size__hover_enabled=\u00bboff\u00bb button_one_text_size__hover_enabled=\u00bboff\u00bb button_two_text_size__hover_enabled=\u00bboff\u00bb button_text_color__hover_enabled=\u00bboff\u00bb button_one_text_color__hover_enabled=\u00bboff\u00bb button_two_text_color__hover_enabled=\u00bboff\u00bb button_border_width__hover_enabled=\u00bboff\u00bb button_one_border_width__hover_enabled=\u00bboff\u00bb button_two_border_width__hover_enabled=\u00bboff\u00bb button_border_color__hover_enabled=\u00bboff\u00bb button_one_border_color__hover_enabled=\u00bboff\u00bb button_two_border_color__hover_enabled=\u00bboff\u00bb button_border_radius__hover_enabled=\u00bboff\u00bb button_one_border_radius__hover_enabled=\u00bboff\u00bb button_two_border_radius__hover_enabled=\u00bboff\u00bb button_letter_spacing__hover_enabled=\u00bboff\u00bb button_one_letter_spacing__hover_enabled=\u00bboff\u00bb button_two_letter_spacing__hover_enabled=\u00bboff\u00bb button_bg_color__hover_enabled=\u00bboff\u00bb button_one_bg_color__hover_enabled=\u00bboff\u00bb button_two_bg_color__hover_enabled=\u00bboff\u00bb][\/et_pb_contact_field][et_pb_contact_field field_id=\u00bbpoliticas\u00bb field_title=\u00bbCampos obligatorios\u00bb field_type=\u00bbcheckbox\u00bb checkbox_options=\u00bb%91{%22value%22:%22Politicas de Privacidad%22,%22checked%22:0,%22dragID%22:-1}%93&#8243; fullwidth_field=\u00bbon\u00bb _builder_version=\u00bb4.2.2&#8243; form_field_background_color=\u00bb#ffffff\u00bb form_field_text_color=\u00bb#e09900&#8243; form_field_focus_background_color=\u00bb#e09900&#8243; form_field_focus_text_color=\u00bb#e09900&#8243; background_color=\u00bbrgba(0,0,0,0)\u00bb background_enable_color=\u00bbon\u00bb][\/et_pb_contact_field][\/et_pb_contact_form][\/et_pb_column][\/et_pb_row][et_pb_row _builder_version=\u00bb4.2.2&#8243;][et_pb_column type=\u00bb4_4&#8243; _builder_version=\u00bb4.2.2&#8243;][et_pb_text disabled_on=\u00bbon|on|on\u00bb _builder_version=\u00bb4.2.2&#8243; header_2_font=\u00bbVerdana||||||||\u00bb header_2_text_color=\u00bb#398d73&#8243; header_2_font_size=\u00bb31px\u00bb disabled=\u00bbon\u00bb]<\/p>\n<h2 style=\"text-align: center;\"><span style=\"color: #ffffff;\"><b>Organizaciones que nos apoyan<\/b><\/span><\/h2>\n<p>&nbsp;<\/p>\n<p>[\/et_pb_text][\/et_pb_column][\/et_pb_row][\/et_pb_section][et_pb_section fb_built=\u00bb1&#8243; _builder_version=\u00bb4.2.2&#8243;][et_pb_row _builder_version=\u00bb4.2.2&#8243;][et_pb_column type=\u00bb4_4&#8243; _builder_version=\u00bb4.2.2&#8243;][dlm_no_access _i=\u00bb0&#8243; _address=\u00bb2.0.0.0&#8243; \/][\/et_pb_column][\/et_pb_row][\/et_pb_section]<\/p>\n","protected":false},"excerpt":{"rendered":"<p>[et_pb_section fb_built=\u00bb1&#8243; _builder_version=\u00bb4.2.2&#8243;][et_pb_row column_structure=\u00bb1_3,1_3,1_3&#8243; _builder_version=\u00bb4.2.2&#8243; hover_enabled=\u00bb0&#8243; disabled_on=\u00bboff|off|off\u00bb][et_pb_column type=\u00bb1_3&#8243; _builder_version=\u00bb4.2.2&#8243;][\/et_pb_column][et_pb_column type=\u00bb1_3&#8243; _builder_version=\u00bb4.2.2&#8243;][et_pb_divider show_divider=\u00bboff\u00bb _builder_version=\u00bb4.2.2&#8243;][\/et_pb_divider][et_pb_divider show_divider=\u00bboff\u00bb _builder_version=\u00bb4.2.2&#8243; custom_margin=\u00bb-4px|||||\u00bb][\/et_pb_divider][et_pb_divider show_divider=\u00bboff\u00bb disabled_on=\u00bboff|on|on\u00bb _builder_version=\u00bb4.2.2&#8243;][\/et_pb_divider][et_pb_image src=\u00bbhttps:\/\/tietarentransicion.org\/wp-content\/uploads\/2025\/01\/reactive-youth.png\u00bb _builder_version=\u00bb4.2.2&#8243;][\/et_pb_image][\/et_pb_column][et_pb_column type=\u00bb1_3&#8243; _builder_version=\u00bb4.2.2&#8243;][\/et_pb_column][\/et_pb_row][et_pb_row _builder_version=\u00bb4.2.2&#8243; border_color_all=\u00bbrgba(0,0,0,0)\u00bb][et_pb_column type=\u00bb4_4&#8243; _builder_version=\u00bb4.2.2&#8243;][et_pb_text _builder_version=\u00bb4.2.2&#8243; header_2_font=\u00bbVerdana||||||||\u00bb header_2_text_color=\u00bb#398d73&#8243; header_2_font_size=\u00bb31px\u00bb] \u00a0 La PVTT Plataforma Valle del Ti\u00e9tar en Transici\u00f3n organiza una Jornada Fin del Proyecto \u201cREACTIVE YOUTH\u201d \u201cJ\u00d3VENES EN ACCI\u00d3N\u201d Activismo Rural, Local y [&hellip;]<\/p>\n","protected":false},"author":1,"featured_media":0,"parent":0,"menu_order":0,"comment_status":"closed","ping_status":"closed","template":"","meta":{"_et_pb_use_builder":"on","_et_pb_old_content":"<!-- wp:paragraph -->\r\n<p>This is an example page. It's different from a blog post because it will stay in one place and will show up in your site navigation (in most themes). Most people start with an About page that introduces them to potential site visitors. It might say something like this:<\/p>\r\n<!-- \/wp:paragraph -->\r\n\r\n<!-- wp:quote -->\r\n<blockquote class=\"wp-block-quote\"><p>Hi there! I'm a bike messenger by day, aspiring actor by night, and this is my website. I live in Los Angeles, have a great dog named Jack, and I like pi\u00f1a coladas. (And gettin' caught in the rain.)<\/p><\/blockquote>\r\n<!-- \/wp:quote -->\r\n\r\n<!-- wp:paragraph -->\r\n<p>...or something like this:<\/p>\r\n<!-- \/wp:paragraph -->\r\n\r\n<!-- wp:quote -->\r\n<blockquote class=\"wp-block-quote\"><p>The XYZ Doohickey Company was founded in 1971, and has been providing quality doohickeys to the public ever since. Located in Gotham City, XYZ employs over 2,000 people and does all kinds of awesome things for the Gotham community.<\/p><\/blockquote>\r\n<!-- \/wp:quote -->\r\n\r\n<!-- wp:paragraph -->\r\n<p>As a new WordPress user, you should go to <a href=\"https:\/\/tietarentransicion.org\/wp-admin\/\">your dashboard<\/a> to delete this page and create new pages for your content. Have fun!<\/p>\r\n<!-- \/wp:paragraph -->","_et_gb_content_width":"","footnotes":""},"class_list":["post-334","page","type-page","status-publish","hentry"],"yoast_head":"<!-- This site is optimized with the Yoast SEO plugin v27.6 - https:\/\/yoast.com\/product\/yoast-seo-wordpress\/ -->\n<title>Jornada Fin del Proyecto \u201cREACTIVE YOUTH\u201d \u201cJ\u00d3VENES EN ACCI\u00d3N\u201d - Tietar en Transici\u00f3n<\/title>\n<meta name=\"robots\" content=\"index, follow, max-snippet:-1, max-image-preview:large, max-video-preview:-1\" \/>\n<link rel=\"canonical\" href=\"https:\/\/tietarentransicion.org\/index.php\/jornada-fin-del-proyecto\/\" \/>\n<meta property=\"og:locale\" content=\"es_ES\" \/>\n<meta property=\"og:type\" content=\"article\" \/>\n<meta property=\"og:title\" content=\"Jornada Fin del Proyecto \u201cREACTIVE YOUTH\u201d \u201cJ\u00d3VENES EN ACCI\u00d3N\u201d - Tietar en Transici\u00f3n\" \/>\n<meta property=\"og:description\" content=\"[et_pb_section fb_built=\u00bb1&#8243; _builder_version=\u00bb4.2.2&#8243;][et_pb_row column_structure=\u00bb1_3,1_3,1_3&#8243; _builder_version=\u00bb4.2.2&#8243; hover_enabled=\u00bb0&#8243; disabled_on=\u00bboff|off|off\u00bb][et_pb_column type=\u00bb1_3&#8243; _builder_version=\u00bb4.2.2&#8243;][\/et_pb_column][et_pb_column type=\u00bb1_3&#8243; _builder_version=\u00bb4.2.2&#8243;][et_pb_divider show_divider=\u00bboff\u00bb _builder_version=\u00bb4.2.2&#8243;][\/et_pb_divider][et_pb_divider show_divider=\u00bboff\u00bb _builder_version=\u00bb4.2.2&#8243; custom_margin=\u00bb-4px|||||\u00bb][\/et_pb_divider][et_pb_divider show_divider=\u00bboff\u00bb disabled_on=\u00bboff|on|on\u00bb _builder_version=\u00bb4.2.2&#8243;][\/et_pb_divider][et_pb_image src=\u00bbhttps:\/\/tietarentransicion.org\/wp-content\/uploads\/2025\/01\/reactive-youth.png\u00bb _builder_version=\u00bb4.2.2&#8243;][\/et_pb_image][\/et_pb_column][et_pb_column type=\u00bb1_3&#8243; _builder_version=\u00bb4.2.2&#8243;][\/et_pb_column][\/et_pb_row][et_pb_row _builder_version=\u00bb4.2.2&#8243; border_color_all=\u00bbrgba(0,0,0,0)\u00bb][et_pb_column type=\u00bb4_4&#8243; _builder_version=\u00bb4.2.2&#8243;][et_pb_text _builder_version=\u00bb4.2.2&#8243; header_2_font=\u00bbVerdana||||||||\u00bb header_2_text_color=\u00bb#398d73&#8243; header_2_font_size=\u00bb31px\u00bb] \u00a0 La PVTT Plataforma Valle del Ti\u00e9tar en Transici\u00f3n organiza una Jornada Fin del Proyecto \u201cREACTIVE YOUTH\u201d \u201cJ\u00d3VENES EN ACCI\u00d3N\u201d Activismo Rural, Local y [&hellip;]\" \/>\n<meta property=\"og:url\" content=\"https:\/\/tietarentransicion.org\/index.php\/jornada-fin-del-proyecto\/\" \/>\n<meta property=\"og:site_name\" content=\"Tietar en Transici\u00f3n\" \/>\n<meta property=\"article:modified_time\" content=\"2025-01-17T18:33:05+00:00\" \/>\n<meta name=\"twitter:card\" content=\"summary_large_image\" \/>\n<meta name=\"twitter:label1\" content=\"Tiempo de lectura\" \/>\n\t<meta name=\"twitter:data1\" content=\"2 minutos\" \/>\n<script type=\"application\/ld+json\" class=\"yoast-schema-graph\">{\"@context\":\"https:\\\/\\\/schema.org\",\"@graph\":[{\"@type\":\"WebPage\",\"@id\":\"https:\\\/\\\/tietarentransicion.org\\\/index.php\\\/jornada-fin-del-proyecto\\\/\",\"url\":\"https:\\\/\\\/tietarentransicion.org\\\/index.php\\\/jornada-fin-del-proyecto\\\/\",\"name\":\"Jornada Fin del Proyecto \u201cREACTIVE YOUTH\u201d \u201cJ\u00d3VENES EN ACCI\u00d3N\u201d - Tietar en Transici\u00f3n\",\"isPartOf\":{\"@id\":\"https:\\\/\\\/tietarentransicion.org\\\/#website\"},\"datePublished\":\"2025-01-17T10:44:24+00:00\",\"dateModified\":\"2025-01-17T18:33:05+00:00\",\"breadcrumb\":{\"@id\":\"https:\\\/\\\/tietarentransicion.org\\\/index.php\\\/jornada-fin-del-proyecto\\\/#breadcrumb\"},\"inLanguage\":\"es\",\"potentialAction\":[{\"@type\":\"ReadAction\",\"target\":[\"https:\\\/\\\/tietarentransicion.org\\\/index.php\\\/jornada-fin-del-proyecto\\\/\"]}]},{\"@type\":\"BreadcrumbList\",\"@id\":\"https:\\\/\\\/tietarentransicion.org\\\/index.php\\\/jornada-fin-del-proyecto\\\/#breadcrumb\",\"itemListElement\":[{\"@type\":\"ListItem\",\"position\":1,\"name\":\"Portada\",\"item\":\"https:\\\/\\\/tietarentransicion.org\\\/\"},{\"@type\":\"ListItem\",\"position\":2,\"name\":\"Jornada Fin del Proyecto \u201cREACTIVE YOUTH\u201d \u201cJ\u00d3VENES EN ACCI\u00d3N\u201d\"}]},{\"@type\":\"WebSite\",\"@id\":\"https:\\\/\\\/tietarentransicion.org\\\/#website\",\"url\":\"https:\\\/\\\/tietarentransicion.org\\\/\",\"name\":\"Tietar en Transici\u00f3n\",\"description\":\"\",\"potentialAction\":[{\"@type\":\"SearchAction\",\"target\":{\"@type\":\"EntryPoint\",\"urlTemplate\":\"https:\\\/\\\/tietarentransicion.org\\\/?s={search_term_string}\"},\"query-input\":{\"@type\":\"PropertyValueSpecification\",\"valueRequired\":true,\"valueName\":\"search_term_string\"}}],\"inLanguage\":\"es\"}]}<\/script>\n<!-- \/ Yoast SEO plugin. -->","yoast_head_json":{"title":"Jornada Fin del Proyecto \u201cREACTIVE YOUTH\u201d \u201cJ\u00d3VENES EN ACCI\u00d3N\u201d - Tietar en Transici\u00f3n","robots":{"index":"index","follow":"follow","max-snippet":"max-snippet:-1","max-image-preview":"max-image-preview:large","max-video-preview":"max-video-preview:-1"},"canonical":"https:\/\/tietarentransicion.org\/index.php\/jornada-fin-del-proyecto\/","og_locale":"es_ES","og_type":"article","og_title":"Jornada Fin del Proyecto \u201cREACTIVE YOUTH\u201d \u201cJ\u00d3VENES EN ACCI\u00d3N\u201d - Tietar en Transici\u00f3n","og_description":"[et_pb_section fb_built=\u00bb1&#8243; _builder_version=\u00bb4.2.2&#8243;][et_pb_row column_structure=\u00bb1_3,1_3,1_3&#8243; _builder_version=\u00bb4.2.2&#8243; hover_enabled=\u00bb0&#8243; disabled_on=\u00bboff|off|off\u00bb][et_pb_column type=\u00bb1_3&#8243; _builder_version=\u00bb4.2.2&#8243;][\/et_pb_column][et_pb_column type=\u00bb1_3&#8243; _builder_version=\u00bb4.2.2&#8243;][et_pb_divider show_divider=\u00bboff\u00bb _builder_version=\u00bb4.2.2&#8243;][\/et_pb_divider][et_pb_divider show_divider=\u00bboff\u00bb _builder_version=\u00bb4.2.2&#8243; custom_margin=\u00bb-4px|||||\u00bb][\/et_pb_divider][et_pb_divider show_divider=\u00bboff\u00bb disabled_on=\u00bboff|on|on\u00bb _builder_version=\u00bb4.2.2&#8243;][\/et_pb_divider][et_pb_image src=\u00bbhttps:\/\/tietarentransicion.org\/wp-content\/uploads\/2025\/01\/reactive-youth.png\u00bb _builder_version=\u00bb4.2.2&#8243;][\/et_pb_image][\/et_pb_column][et_pb_column type=\u00bb1_3&#8243; _builder_version=\u00bb4.2.2&#8243;][\/et_pb_column][\/et_pb_row][et_pb_row _builder_version=\u00bb4.2.2&#8243; border_color_all=\u00bbrgba(0,0,0,0)\u00bb][et_pb_column type=\u00bb4_4&#8243; _builder_version=\u00bb4.2.2&#8243;][et_pb_text _builder_version=\u00bb4.2.2&#8243; header_2_font=\u00bbVerdana||||||||\u00bb header_2_text_color=\u00bb#398d73&#8243; header_2_font_size=\u00bb31px\u00bb] \u00a0 La PVTT Plataforma Valle del Ti\u00e9tar en Transici\u00f3n organiza una Jornada Fin del Proyecto \u201cREACTIVE YOUTH\u201d \u201cJ\u00d3VENES EN ACCI\u00d3N\u201d Activismo Rural, Local y [&hellip;]","og_url":"https:\/\/tietarentransicion.org\/index.php\/jornada-fin-del-proyecto\/","og_site_name":"Tietar en Transici\u00f3n","article_modified_time":"2025-01-17T18:33:05+00:00","twitter_card":"summary_large_image","twitter_misc":{"Tiempo de lectura":"2 minutos"},"schema":{"@context":"https:\/\/schema.org","@graph":[{"@type":"WebPage","@id":"https:\/\/tietarentransicion.org\/index.php\/jornada-fin-del-proyecto\/","url":"https:\/\/tietarentransicion.org\/index.php\/jornada-fin-del-proyecto\/","name":"Jornada Fin del Proyecto \u201cREACTIVE YOUTH\u201d \u201cJ\u00d3VENES EN ACCI\u00d3N\u201d - Tietar en Transici\u00f3n","isPartOf":{"@id":"https:\/\/tietarentransicion.org\/#website"},"datePublished":"2025-01-17T10:44:24+00:00","dateModified":"2025-01-17T18:33:05+00:00","breadcrumb":{"@id":"https:\/\/tietarentransicion.org\/index.php\/jornada-fin-del-proyecto\/#breadcrumb"},"inLanguage":"es","potentialAction":[{"@type":"ReadAction","target":["https:\/\/tietarentransicion.org\/index.php\/jornada-fin-del-proyecto\/"]}]},{"@type":"BreadcrumbList","@id":"https:\/\/tietarentransicion.org\/index.php\/jornada-fin-del-proyecto\/#breadcrumb","itemListElement":[{"@type":"ListItem","position":1,"name":"Portada","item":"https:\/\/tietarentransicion.org\/"},{"@type":"ListItem","position":2,"name":"Jornada Fin del Proyecto \u201cREACTIVE YOUTH\u201d \u201cJ\u00d3VENES EN ACCI\u00d3N\u201d"}]},{"@type":"WebSite","@id":"https:\/\/tietarentransicion.org\/#website","url":"https:\/\/tietarentransicion.org\/","name":"Tietar en Transici\u00f3n","description":"","potentialAction":[{"@type":"SearchAction","target":{"@type":"EntryPoint","urlTemplate":"https:\/\/tietarentransicion.org\/?s={search_term_string}"},"query-input":{"@type":"PropertyValueSpecification","valueRequired":true,"valueName":"search_term_string"}}],"inLanguage":"es"}]}},"_links":{"self":[{"href":"https:\/\/tietarentransicion.org\/index.php\/wp-json\/wp\/v2\/pages\/334","targetHints":{"allow":["GET"]}}],"collection":[{"href":"https:\/\/tietarentransicion.org\/index.php\/wp-json\/wp\/v2\/pages"}],"about":[{"href":"https:\/\/tietarentransicion.org\/index.php\/wp-json\/wp\/v2\/types\/page"}],"author":[{"embeddable":true,"href":"https:\/\/tietarentransicion.org\/index.php\/wp-json\/wp\/v2\/users\/1"}],"replies":[{"embeddable":true,"href":"https:\/\/tietarentransicion.org\/index.php\/wp-json\/wp\/v2\/comments?post=334"}],"version-history":[{"count":14,"href":"https:\/\/tietarentransicion.org\/index.php\/wp-json\/wp\/v2\/pages\/334\/revisions"}],"predecessor-version":[{"id":360,"href":"https:\/\/tietarentransicion.org\/index.php\/wp-json\/wp\/v2\/pages\/334\/revisions\/360"}],"wp:attachment":[{"href":"https:\/\/tietarentransicion.org\/index.php\/wp-json\/wp\/v2\/media?parent=334"}],"curies":[{"name":"wp","href":"https:\/\/api.w.org\/{rel}","templated":true}]}}