{"id":93,"date":"2024-03-29T18:10:47","date_gmt":"2024-03-29T18:10:47","guid":{"rendered":"https:\/\/39866532.servicio-online.net\/arquitecturaminima\/?page_id=93"},"modified":"2025-04-08T10:09:03","modified_gmt":"2025-04-08T10:09:03","slug":"conoce-el-valle-del-tietar","status":"publish","type":"page","link":"https:\/\/tietarentransicion.org\/index.php\/conoce-el-valle-del-tietar\/","title":{"rendered":"Conoce el Valle del Ti\u00e9tar"},"content":{"rendered":"<p>[et_pb_section fb_built=\u00bb1&#8243; admin_label=\u00bbsection\u00bb _builder_version=\u00bb4.2.2&#8243; background_color=\u00bb#7cda24&#8243; use_background_color_gradient=\u00bbon\u00bb background_image=\u00bbhttps:\/\/tietarentransicion.org\/wp-content\/uploads\/2024\/02\/PVTT-Vista-rosarito1.jpg\u00bb custom_padding=\u00bb216px||95px|||\u00bb][et_pb_row _builder_version=\u00bb4.2.2&#8243;][et_pb_column type=\u00bb4_4&#8243; _builder_version=\u00bb4.2.2&#8243;][et_pb_text content_tablet=\u00bb\u00bb content_phone=\u00bb\u00bb content_last_edited=\u00bbon|desktop\u00bb _builder_version=\u00bb4.2.2&#8243; header_text_color=\u00bb#ffffff\u00bb header_font_size=\u00bb48px\u00bb header_line_height=\u00bb1.4em\u00bb header_2_text_color=\u00bb#ffffff\u00bb header_2_font_size=\u00bb39px\u00bb header_2_line_height=\u00bb1.2em\u00bb custom_margin=\u00bb60px||69px|||\u00bb header_font_size_tablet=\u00bb40px\u00bb header_font_size_phone=\u00bb34px\u00bb header_font_size_last_edited=\u00bbon|phone\u00bb header_text_shadow_style=\u00bbpreset1&#8243;]<\/p>\n<h1 style=\"text-align: center;\"><strong>El Valle del Ti\u00e9tar, un tesoro natural que combina biodiversidad, cultura y calidad de vida<\/strong><\/h1>\n<p>[\/et_pb_text][\/et_pb_column][\/et_pb_row][\/et_pb_section][et_pb_section fb_built=\u00bb1&#8243; _builder_version=\u00bb4.2.2&#8243;][et_pb_row _builder_version=\u00bb4.2.2&#8243;][et_pb_column type=\u00bb4_4&#8243; _builder_version=\u00bb4.2.2&#8243;][et_pb_text _builder_version=\u00bb4.2.2&#8243;]<\/p>\n<h2 style=\"text-align: center;\"><strong>En esta secci\u00f3n puedes documentarte sobre las <span style=\"color: #337200;\">caracter\u00edsticas geogr\u00e1ficas, sociales y econ\u00f3micas<\/span> de la comarca del Valle del Tietar<\/strong><\/h2>\n<p>[\/et_pb_text][et_pb_divider divider_weight=\u00bb1px\u00bb _builder_version=\u00bb4.2.2&#8243; width=\u00bb100%\u00bb max_width=\u00bb100%\u00bb min_height=\u00bb100px\u00bb custom_padding=\u00bb||0px|||\u00bb][\/et_pb_divider][et_pb_text _builder_version=\u00bb4.2.2&#8243; header_2_font=\u00bbVerdana||||||||\u00bb header_2_text_color=\u00bb#398d73&#8243; header_2_font_size=\u00bb31px\u00bb]<\/p>\n<h2><strong>El entorno geogr\u00e1fico<\/strong><\/h2>\n<p>&nbsp;<\/p>\n<p>El Valle del Ti\u00e9tar es una comarca natural que se encuentra al sur de la provincia de \u00c1vila, al sur de la <strong>Sierra de Gredos<\/strong>, y con municipios que pertenecen a Toledo.<\/p>\n<p>Su situaci\u00f3n, protegida del fr\u00edo por la barrera natural de la Sierra de Gredos, su altitud media de 400m sobre el nivel del mar y la abundancia de agua, configura un microclima mediterr\u00e1neo de temperaturas suaves que convierte a la zona en un enorme vergel.<\/p>\n<p>En el Valle, en la provincia de \u00c1vila, existen 24 municipios que se hallan situados en las primeras alturas de las estribaciones de la sierra, y, en algunos casos, en los diversos peque\u00f1os valles que forman los pliegues de la Cordillera Central. Desde la cabecera del r\u00edo Tietar nos encontramos con <strong>Navahondilla, Santa Mar\u00eda del Tietar, Casillas, Sotillo de la Adrada, La Adrada, Higuera de las Duenas, Fresnedilla, Piedradaves, Casavieja, Mijares, Gavilanes, Pedro Bernardo, Lanzahita y la Higuera (anejo de Mombeltr\u00e1n), poblaciones que forman el Alto Tietar<\/strong>. Despu\u00e9s, <strong>El Barranco de las Cinco Villas<\/strong>, con las poblaciones de <strong>Cuevas del Valle, Villarejo del Valle, San Esteban del Valle, Santa Cruz del Valle y Mombeltr\u00e1n<\/strong>. A continuaci\u00f3n, <strong>Arenas de San Pedro (con sus anejos, La Parra, Ramacasta\u00f1as y Hontanares), el Hornillo, el Arenal, Guisando, Poyales y Candeleda<\/strong>, formando el Bajo Tietar. En la provincia de Toledo, en el Alto Tietar, cabe apuntar a los pueblos de <strong>La Iglesuela, Buenaventtura y Sartajada<\/strong>.<\/p>\n<p>[\/et_pb_text][et_pb_image src=\u00bbhttps:\/\/tietarentransicion.org\/wp-content\/uploads\/2024\/04\/VT_ContextoPeninsular_2.png\u00bb align=\u00bbcenter\u00bb _builder_version=\u00bb4.2.2&#8243;][\/et_pb_image][et_pb_image src=\u00bbhttps:\/\/tietarentransicion.org\/wp-content\/uploads\/2024\/04\/VT_Comarcal.jpg\u00bb align=\u00bbcenter\u00bb _builder_version=\u00bb4.2.2&#8243;][\/et_pb_image][\/et_pb_column][\/et_pb_row][\/et_pb_section][et_pb_section fb_built=\u00bb1&#8243; _builder_version=\u00bb4.2.2&#8243; background_color=\u00bbrgba(0,0,0,0.02)\u00bb custom_padding=\u00bb0px|||||\u00bb][et_pb_row _builder_version=\u00bb4.2.2&#8243;][et_pb_column type=\u00bb4_4&#8243; _builder_version=\u00bb4.2.2&#8243;][et_pb_text _builder_version=\u00bb4.2.2&#8243; header_2_font=\u00bbVerdana||||||||\u00bb header_2_text_color=\u00bb#398d73&#8243; header_2_font_size=\u00bb31px\u00bb]<\/p>\n<h2 style=\"text-align: center;\"><strong>Qu\u00e9 caracteriza la Comarca: an\u00e1lisis DAFO<\/strong><\/h2>\n<p><span style=\"font-weight: 300;\"><\/span><\/p>\n<p>Nos encontramos en un entorno natural excepcional, que desde un punto de vista integral tiene unas caracter\u00edsticas a destacar desde diferentes perspectivas. Es importante considerar los problemas tradicionales no resueltos y es esencial analizar los nuevos problemas, para, a partir de ah\u00ed, construir un nuevo relato, que ayude a la Comarca del Valle del Ti\u00e9tar a mejorar las condiciones de vida y ambientales y a incrementar la resiliencia frente al Cambio Global. Para ello nos valemos del \u201cAn\u00e1lisis DAFO del Sector Agroalimentario en el Bajo Tietar\u201d<a href=\"#_ftn1\" name=\"_ftnref1\"><span>[1]<\/span><\/a>, al tiempo de considerar problemas nuevos no tenidos en cuenta hasta ahora y las aportaciones hechas por los colaboradores de este documento:<\/p>\n<p>&nbsp;<\/p>\n<p><em><a href=\"#_ftnref1\" name=\"_ftn1\">[1]<\/a> Trabajo desarrollado por Isaac Para Fern\u00e1ndez en el Proyecto \u201cDiagn\u00f3stico Participativo del Sector Agroalimentario del Bajo Ti\u00e9tar\u201d. A\u00f1o 2011<\/em><\/p>\n<p>&nbsp;<\/p>\n<p>[\/et_pb_text][et_pb_toggle title=\u00bbDebilidades\u00bb _builder_version=\u00bb4.2.2&#8243;]<\/p>\n<ul>\n<li>Hay dificultades para pasar de las actividades vinculadas al medio rural (agricultura, ganader\u00eda, apicultura, etc.) como autoabastecimiento a la <strong>producci\u00f3n de calidad<\/strong> que, mediante el asociacionismo y <strong>cooperativismo<\/strong>, vaya m\u00e1s all\u00e1 de los esfuerzos dispersos, insuficientes para una comercializaci\u00f3n m\u00e1s o menos consistente.<\/li>\n<li><strong>Estructura administrativa inadecuada<\/strong>. La Comarca debe tener reconocimiento propio, plan espec\u00edfico y presupuestos adecuados. Esta circunstancia conlleva que no exista un plan de actuaci\u00f3n y gesti\u00f3n de toda la zona, dejando a los municipios en una situaci\u00f3n de debilidad y precariedad.<\/li>\n<li><strong>Territorios fragmentados<\/strong>, con falta tratamiento integrado entre los diferentes territorios con diferentes usos: urbano, agr\u00edcola, de bosque\u2026<\/li>\n<li>Riesgo de <strong>degradaci\u00f3n del medio<\/strong>: del suelo (motivado especialmente por el uso de herbicidas y pesticidas), el agua y los recursos existentes, m\u00e1s un deterioro por raz\u00f3n de los residuos. Merece consideraci\u00f3n especial, contrariamente a lo que se piensa, la contaminaci\u00f3n atmosf\u00e9rica, habi\u00e9ndose registrado en las estaciones de control de nuestra zona, niveles de ozono por encima de lo permitido en la legislaci\u00f3n espa\u00f1ola durante m\u00e1s de 30 d\u00edas al a\u00f1o, y m\u00e1s de 100 d\u00edas al a\u00f1o sobre lo recomendado por la Organizaci\u00f3n Mundial de la Salud (OMS).<\/li>\n<li><strong>No hay un claro relevo generacional<\/strong>. Buena parte de las trabajadoras y trabajadores tienen una media de edad muy elevada. Asimismo, en general, se carece de cualificaci\u00f3n y formaci\u00f3n.<\/li>\n<li>Falta de <strong>modernizaci\u00f3n <\/strong>de las instalaciones.<\/li>\n<li>Cierto pesimismo respecto al futuro, adem\u00e1s de actitud resistente o conformista al presente y futuro, con una dependencia excesiva hacia Madrid.<\/li>\n<li>Submundos con poca relaci\u00f3n: entre los aut\u00f3ctonos y las venidos de fuera.<\/li>\n<li>No existe correspondencia entre quienes viven y quienes est\u00e1n censados, fundamentalmente por razones de la sanidad. Una sanidad de calidad en Castilla Le\u00f3n resolver\u00eda este problema.<\/li>\n<li>Falta de identidad.<\/li>\n<li>Carencia de un transporte p\u00fablico adecuado entre pueblos<\/li>\n<li>Dependencia del veh\u00edculo. M\u00e1s grave por el hecho de que no hay f\u00f3rmulas alternativas de transporte p\u00fablico y con energ\u00edas renovables.<\/li>\n<\/ul>\n<p>[\/et_pb_toggle][et_pb_toggle title=\u00bbAmenazas\u00bb _builder_version=\u00bb4.2.2&#8243;]<\/p>\n<ul>\n<li style=\"list-style-type: none;\">\n<ul>\n<li><strong>Cambio Clim\u00e1tico<\/strong>. Un hecho no contemplado hasta ahora y, sin embargo, de gran trascendencia. La subida de las temperaturas, la disminuci\u00f3n de los recursos h\u00eddricos, y otras consecuencias, est\u00e1 provocando cambios en las diferentes \u00e1reas geogr\u00e1ficas. Cambios que afectan a la actividad econ\u00f3mica, y cambios que afectan a la estabilidad poblacional. Todo ello, sin considerar los aspectos relacionados con el confort, que no son pocos.<\/li>\n<li><strong>Desorden en el desarrollo urban\u00edstico<\/strong>, especialmente a nivel de pueblos. A nivel de territorio, falta planificaci\u00f3n de las diferentes \u00e1reas.<\/li>\n<li>Abandono de las zonas rurales. <strong>Migraci\u00f3n y regresi\u00f3n demogr\u00e1fica<\/strong> con tasas muy elevadas de envejecimiento y escasa natalidad.<\/li>\n<li>Falta de una concepci\u00f3n diferente acerca del <strong>turismo<\/strong>, especialmente el de proximidad, que dificulta una visi\u00f3n m\u00e1s estrat\u00e9gica y a largo plazo sobre el desarrollo de este sector-<\/li>\n<li>Ausencia de una <strong>cultura de la colaboraci\u00f3n <\/strong>entre instituciones p\u00fablicas y agentes sociales y particulares. Falta de <strong>sinergias <\/strong>entre sectores (entre el tur\u00edstico y el agroalimentario, por ejemplo). Escaso apoyo t\u00e9cnico y econ\u00f3mico a la empresa agr\u00edcola, necesitada de innovaci\u00f3n.<\/li>\n<li>Falta de <strong>formaci\u00f3n y cualificaci\u00f3n<\/strong>; educaci\u00f3n no pensada para una aptitud y actitud favorables al medio rural. En este aspecto, cabr\u00eda considerar la oportunidad de una escuela y trabajos de adaptaci\u00f3n de personas procedentes de la ciudad al medio rural.<\/li>\n<li>Coste de la energ\u00eda, por agotamiento de recursos. Y falta de conciencia sobre la clave que es disminuir su consumo.<\/li>\n<li>Riesgo de incendios.<\/li>\n<\/ul>\n<\/li>\n<\/ul>\n<p>[\/et_pb_toggle][et_pb_toggle title=\u00bbFortalezas\u00bb _builder_version=\u00bb4.2.2&#8243;]<\/p>\n<ul>\n<li><strong>Entorno complejo con una amplia biodiversidad<\/strong> y\u00a0de una enorme belleza.<\/li>\n<li>Abundancia relativa de <strong>recursos h\u00eddricos<\/strong>. El clima permite diversificar aprovechamientos agrarios, con <strong>producci\u00f3n de calidad<\/strong>, <strong>diversificada<\/strong>. Se requiere hacer un an\u00e1lisis m\u00e1s en profundidad sobre dichos recursos h\u00eddricos y sobre su gesti\u00f3n.<\/li>\n<li>Existencia de <strong>variedades aut\u00f3ctonas <\/strong>adaptadas al territorio.<\/li>\n<li><strong>Pr\u00e1cticas <\/strong>tradicionales de <strong>bajo impacto ecol\u00f3gico<\/strong>.<\/li>\n<li>Existencia de iniciativas alternativas a la producci\u00f3n y distribuci\u00f3n (<strong>grupos de consumo<\/strong> y <strong>cooperativas de producci\u00f3n y consumo<\/strong>).<\/li>\n<li>Presencia de cierto <strong>dinamismo sociocultural y mantenimiento de conocimientos y tradiciones <\/strong>vinculados al mundo agr\u00edcola y ganadero.<\/li>\n<li>Aumento de personas cualificadas en diferentes \u00e1reas que se asientan en el Valle. Inmigraci\u00f3n cualificada.<\/li>\n<\/ul>\n<p>[\/et_pb_toggle][et_pb_toggle title=\u00bbOportunidades\u00bb _builder_version=\u00bb4.2.2&#8243;]<\/p>\n<ul>\n<li>\n<ul>\n<li><strong>Hay sinergias con <\/strong>otros sectores por explotar<strong>, sector tur\u00edstico, educativo&#8230; <\/strong>Dichas sinergias podr\u00edan ser m\u00e1s potentes con la participaci\u00f3n decidida del sector p\u00fablico (fortaleciendo la demanda de los productos, por ejemplo).<\/li>\n<li><strong>Existencia de ayudas a diversos niveles institucionales<\/strong>, aunque no suficientemente explotadas. Importancia de asociar a las ayudas, proyectos, a medio y largo plazo, que contemplen su viabilidad en el tiempo.<\/li>\n<li><strong>El \u00e1rea de estudio es LIC y ZEPA<a href=\"#_ftn1\" name=\"_ftnref1\"><span>[1]<\/span><\/a>. <\/strong><\/li>\n<li>Presencia de mercados en los que se valoran <strong>productos agroecol\u00f3gicos, de proximidad y calidad<\/strong>.<\/li>\n<li>Micolog\u00eda y Silvicultura (resinas, maderas, etc\u2026).<\/li>\n<li>Tratamiento y explotaci\u00f3n de bosques.<\/li>\n<li>Capacidad de generar <strong>energ\u00eda por biomasa<\/strong>. Ello estar\u00eda asociado al tratamiento de los bosques.<\/li>\n<li>Presencia de poblaci\u00f3n urbana con <strong>iniciativa emprendedora<\/strong> y mejora de las <strong>tecnolog\u00edas de la comunicaci\u00f3n<\/strong> dentro del mundo rural. Quiz\u00e1s en este punto se\u00f1alar la falta de esa actitud m\u00e1s activa en la juventud, que viene de una tradici\u00f3n \u201cacomodada\u201d o de falta de compromiso.<\/li>\n<li>Propuestas de <strong>turismo rural ambiental<\/strong>.<\/li>\n<li>Posibilidad de ayudas y compensaciones por los servicios ambientales o \u201cexternalidades positivas\u201d que ofrece nuestra comarca, la actividad agraria y ganadera.<\/li>\n<li>Descubrir el vivir en el medio rural como un activo de atracci\u00f3n; huyendo de la inhabitabilidad en la ciudad.<\/li>\n<li>Contemplar la relaci\u00f3n con Madrid como una oportunidad. Considerando los \u2018inputs\u2019 que manda y procurando mejorar la conexi\u00f3n. Se tratar\u00eda de buscar el mejor intercambio entre las aportaciones de Madrid y el Valle. Llevar lo rural a lo urbano, y aprovechar las mejores iniciativas desde Madrid en el Valle. Adem\u00e1s, el Valle puede ser un activo importante a la hora de medir la Huella Ecol\u00f3gica de Madrid.<\/li>\n<\/ul>\n<p>&nbsp;<\/p>\n<p><em><a href=\"#_ftnref1\" name=\"_ftn1\">[1]<\/a> Lugares de Importancia Comunitaria y Zonas de Especial Protecci\u00f3n para las Aves.<\/em><\/p>\n<\/li>\n<\/ul>\n<p>[\/et_pb_toggle][\/et_pb_column][\/et_pb_row][\/et_pb_section][et_pb_section fb_built=\u00bb1&#8243; _builder_version=\u00bb4.2.2&#8243;][et_pb_row _builder_version=\u00bb4.2.2&#8243;][et_pb_column type=\u00bb4_4&#8243; _builder_version=\u00bb4.2.2&#8243;][et_pb_text _builder_version=\u00bb4.2.2&#8243; header_2_font=\u00bbVerdana||||||||\u00bb header_2_text_color=\u00bb#398d73&#8243; header_2_font_size=\u00bb31px\u00bb]<\/p>\n<h2 style=\"text-align: center;\"><strong>\u00c1reas estrat\u00e9gicas de trabajo cooperativo<\/strong><\/h2>\n<p>&nbsp;<\/p>\n<ul>\n<li><strong>Econom\u00eda y Poblaci\u00f3n<\/strong>: Los problemas de inestabilidad sobre la poblaci\u00f3n se resolver\u00e1n con la existencia de una econom\u00eda solvente y pr\u00f3spera. Para ello se propone que, adem\u00e1s de apoyar lo existente, se impulse:\n<ul>\n<li>Adecuar la administraci\u00f3n, dando relevancia a la comarca, que permita establecer acuerdos entre diferentes administraciones que la componen, entendiendo que ello se llevar\u00e1 a cabo a trav\u00e9s de ir incrementando la colaboraci\u00f3n entre los diferentes agentes. Debe promoverse una renovaci\u00f3n\u00b4entre los agentes tradicionales.<\/li>\n<li>Potenciar nuevos modelos institucionales. \u00bfEmpresas mixtas?<\/li>\n<li>Acuerdo entre diferentes instituciones y entidades ciudadanas.<\/li>\n<li>A nivel local y comarcal apoyar iniciativas empresariales.<\/li>\n<li>Resolver los deterioros o retrocesos existentes en Sanidad.<\/li>\n<li>Resolver las carencias en el Transporte p\u00fablico. Aprovechar las nuevas tecnolog\u00edas.<\/li>\n<li>Promover proyectos europeos.<\/li>\n<li>Facilitar tierras para cultivos ecol\u00f3gicos a quienes quieran, considerando compromisos y contrapartidas.<\/li>\n<li>Impulsar el Banco del Tiempo, y dotarle de apoyos y recursos.<\/li>\n<li>Impulsar nuevas iniciativas de turismo sostenible.<\/li>\n<li>Creaci\u00f3n y mantenimiento de rutas de senderismo.<\/li>\n<li>Atenci\u00f3n, promoci\u00f3n y comercializaci\u00f3n de productos naturales (higos, casta\u00f1as, setas, pistachos\u2026).<\/li>\n<li>Cuidado de los montes.<\/li>\n<li>Promoci\u00f3n y comercializaci\u00f3n de plantas naturales arom\u00e1ticas y medicinales.<\/li>\n<li>Recogida de resina.<\/li>\n<li>Disciplina urban\u00edstica.<\/li>\n<li>Hacer viables econ\u00f3micamente las propuestas (\u00fanica forma de abordar medidas ecol\u00f3gicas y sostenibles).<\/li>\n<\/ul>\n<\/li>\n<li><strong>Contra el Cambio Clim\u00e1tico:<\/strong>\n<ul>\n<li>Equilibrio entre bosques, campo, agricultura y urbanismo, con cambios para su mejora.<\/li>\n<li>Educar y proponer medidas para la reducci\u00f3n del consumo (no s\u00f3lo empleando nuevas tecnolog\u00edas, sino, tambi\u00e9n, nuevos comportamientos). Importante sugerir la ejemplaridad de las administraciones p\u00fablicas, especialmente de los Ayuntamientos.<\/li>\n<li>Estrategia integral sobre energ\u00eda (renovables \u2013solar, fotovoltaica y otras-, biomasa, etc\u2026).<\/li>\n<li>Preservaci\u00f3n de la naturaleza y mejora de la biosfera: agua (en su gesti\u00f3n y en sus instalaciones), fauna, flora\u2026<\/li>\n<li>Hacer frente a la contaminaci\u00f3n de los suelos, sobre todo a los pesticidas y hervicidas.<\/li>\n<li>Tratamiento ecol\u00f3gico de tesiduos.<\/li>\n<\/ul>\n<\/li>\n<li><strong>Cultura<\/strong>. Otro modo de ver las cosas:\n<ul>\n<li>Conexi\u00f3n entre las actuaciones rurales con la comunidad educativa.<\/li>\n<li>Informaci\u00f3n regular sobre las actividades que se llevan a cabo (por ejemplo, Jornada el 15\/09 sobre Limpieza Mundial). Especial atenci\u00f3n a la educaci\u00f3n de los ni\u00f1os. Especial relaci\u00f3n del Ayuntamiento con el colegio. Promover un colegio poroso, que recibe y ofrece informaci\u00f3n.<\/li>\n<li>Bolet\u00edn regular de informaci\u00f3n sobre la marcha de de los proyectos que se acometan.<\/li>\n<li>Promover iniciativas e intercambios de los j\u00f3venes de instituto.<\/li>\n<li>Qu\u00e9 se puede hacer en relaci\u00f3n a la cultura desde los Ayuntamientos en los pueblos?.<\/li>\n<li>Escuela de capacitaci\u00f3n agraria.<\/li>\n<li>Uso de nuevas tecnolog\u00edas para la gesti\u00f3n transparente de espacios p\u00fablicos y actividades culturales.<\/li>\n<li>Hay que incorporar iniciativas para todas las edades.<\/li>\n<\/ul>\n<\/li>\n<li>Contra la <strong>desigualdad<\/strong> y por la <strong>participaci\u00f3n. Profundizaci\u00f3n de la democracia<\/strong>:\n<ul>\n<li>Incrementar los \u00e1mbitos de participaci\u00f3n. Incrementar la informaci\u00f3n.<\/li>\n<li>Apoyo a parados de larga duraci\u00f3n.<\/li>\n<li>Consejo Ciudadano Comarcal y espec\u00edficos en los diferentes Ayuntamientos.<\/li>\n<li>Apoyo y acompa\u00f1amiento a nuevos residentes.<\/li>\n<li>Desarrollo de un proyecto espec\u00edfico sobre dependencia, especialmente en relaci\u00f3n a los mayores e incapacitados.<\/li>\n<\/ul>\n<\/li>\n<li>Un an\u00e1lisis espec\u00edfico sobre <strong>la relaci\u00f3n con Madrid.<\/strong><\/li>\n<\/ul>\n<p>[\/et_pb_text][\/et_pb_column][\/et_pb_row][\/et_pb_section][et_pb_section fb_built=\u00bb1&#8243; module_id=\u00bb\u00danete\u00bb _builder_version=\u00bb4.2.2&#8243; background_color=\u00bb#474747&#8243; saved_tabs=\u00bball\u00bb global_module=\u00bb178&#8243;][et_pb_row _builder_version=\u00bb4.2.2&#8243;][et_pb_column type=\u00bb4_4&#8243; _builder_version=\u00bb4.2.2&#8243;][et_pb_text _builder_version=\u00bb4.2.2&#8243; header_2_font=\u00bbVerdana||||||||\u00bb header_2_text_color=\u00bb#398d73&#8243; header_2_font_size=\u00bb31px\u00bb custom_margin=\u00bb||-80px|||\u00bb]<\/p>\n<h2 style=\"text-align: center;\"><span style=\"color: #ff9900;\"><b>\u00a1Mejoremos el Valle! \u00danete a la Plataforma<\/b><\/span><\/h2>\n<p>&nbsp;<\/p>\n<p>[\/et_pb_text][et_pb_image src=\u00bbhttps:\/\/tietarentransicion.org\/wp-content\/uploads\/2024\/04\/Diseno-sin-titulo.png\u00bb align=\u00bbcenter\u00bb force_fullwidth=\u00bbon\u00bb _builder_version=\u00bb4.2.2&#8243; min_height=\u00bb275.4px\u00bb custom_padding=\u00bb||0px|||\u00bb][\/et_pb_image][\/et_pb_column][\/et_pb_row][et_pb_row column_structure=\u00bb1_2,1_2&#8243; _builder_version=\u00bb4.2.2&#8243;][et_pb_column type=\u00bb1_2&#8243; _builder_version=\u00bb4.2.2&#8243;][et_pb_text _builder_version=\u00bb4.2.2&#8243; header_2_font=\u00bbVerdana||||||||\u00bb header_2_text_color=\u00bb#398d73&#8243; header_2_font_size=\u00bb31px\u00bb]<\/p>\n<p><span style=\"color: #ffffff;\">Tenemos un gran compromiso con la preservaci\u00f3n y el desarrollo sostenible de nuestro entorno. Estamos llevando a cabo varios proyectos que tienen como objetivo mejorar la calidad de vida de quienes vivimos aqu\u00ed y proteger la belleza natural de nuestra regi\u00f3n.<\/span><\/p>\n<p><span style=\"color: #ffffff;\">Pero para seguir creciendo y haciendo la diferencia, necesitamos tu apoyo. \u00a1Tu participaci\u00f3n es fundamental para que nuestros proyectos tengan un alcance a\u00fan mayor!<\/span><\/p>\n<p><span style=\"color: #ffffff;\">Si te interesa contribuir con tu tiempo, tus ideas o tu apoyo, \u00a1no dudes en unirte a nuestra Plataforma! Podemos hacer del Valle del Ti\u00e9tar un lugar a\u00fan mejor para vivir, disfrutar y conservar para las generaciones futuras.<\/span><\/p>\n<p><span style=\"color: #ffffff;\">\u00a0<\/span><\/p>\n<p>[\/et_pb_text][\/et_pb_column][et_pb_column type=\u00bb1_2&#8243; _builder_version=\u00bb4.2.2&#8243;][et_pb_text _builder_version=\u00bb4.2.2&#8243; header_2_font=\u00bbVerdana||||||||\u00bb header_2_text_color=\u00bb#398d73&#8243; header_2_font_size=\u00bb31px\u00bb]<\/p>\n<p><strong><span style=\"color: #ffffff;\">Puedes contactarnos a trav\u00e9s del correo <a href=\"mailto:secretaria@tietarentransicion.org\" target=\"_blank\" rel=\"noopener\">secretaria@tietarentransicion.org<\/a><\/span><\/strong><\/p>\n<p><span style=\"color: #ffffff;\">\u00a0<\/span><\/p>\n<p>[\/et_pb_text][et_pb_contact_form email=\u00bbsecretaria@tietarentransicion.org\u00bb success_message=\u00bbGracias por contactarnos, te responderemos lo antes posible\u00bb submit_button_text=\u00bbEnviar\u00bb disabled_on=\u00bbon|on|on\u00bb _builder_version=\u00bb4.2.2&#8243; form_field_background_color=\u00bb#ffffff\u00bb form_field_text_color=\u00bb#000000&#8243; title_text_color=\u00bb#ffffff\u00bb captcha_text_color=\u00bb#ffffff\u00bb custom_button=\u00bbon\u00bb button_text_color=\u00bb#ffffff\u00bb button_bg_color=\u00bb#e09900&#8243; button_border_color=\u00bb#ffffff\u00bb button_border_radius=\u00bb100px\u00bb disabled=\u00bbon\u00bb][et_pb_contact_field field_id=\u00bbName\u00bb field_title=\u00bbNombre\u00bb _builder_version=\u00bb3.16&#8243; button_text_size__hover_enabled=\u00bboff\u00bb button_one_text_size__hover_enabled=\u00bboff\u00bb button_two_text_size__hover_enabled=\u00bboff\u00bb button_text_color__hover_enabled=\u00bboff\u00bb button_one_text_color__hover_enabled=\u00bboff\u00bb button_two_text_color__hover_enabled=\u00bboff\u00bb button_border_width__hover_enabled=\u00bboff\u00bb button_one_border_width__hover_enabled=\u00bboff\u00bb button_two_border_width__hover_enabled=\u00bboff\u00bb button_border_color__hover_enabled=\u00bboff\u00bb button_one_border_color__hover_enabled=\u00bboff\u00bb button_two_border_color__hover_enabled=\u00bboff\u00bb button_border_radius__hover_enabled=\u00bboff\u00bb button_one_border_radius__hover_enabled=\u00bboff\u00bb button_two_border_radius__hover_enabled=\u00bboff\u00bb button_letter_spacing__hover_enabled=\u00bboff\u00bb button_one_letter_spacing__hover_enabled=\u00bboff\u00bb button_two_letter_spacing__hover_enabled=\u00bboff\u00bb button_bg_color__hover_enabled=\u00bboff\u00bb button_one_bg_color__hover_enabled=\u00bboff\u00bb button_two_bg_color__hover_enabled=\u00bboff\u00bb][\/et_pb_contact_field][et_pb_contact_field field_id=\u00bbEmail\u00bb field_title=\u00bbDirecci\u00f3n de correo electr\u00f3nico\u00bb field_type=\u00bbemail\u00bb _builder_version=\u00bb3.16&#8243; button_text_size__hover_enabled=\u00bboff\u00bb button_one_text_size__hover_enabled=\u00bboff\u00bb button_two_text_size__hover_enabled=\u00bboff\u00bb button_text_color__hover_enabled=\u00bboff\u00bb button_one_text_color__hover_enabled=\u00bboff\u00bb button_two_text_color__hover_enabled=\u00bboff\u00bb button_border_width__hover_enabled=\u00bboff\u00bb button_one_border_width__hover_enabled=\u00bboff\u00bb button_two_border_width__hover_enabled=\u00bboff\u00bb button_border_color__hover_enabled=\u00bboff\u00bb button_one_border_color__hover_enabled=\u00bboff\u00bb button_two_border_color__hover_enabled=\u00bboff\u00bb button_border_radius__hover_enabled=\u00bboff\u00bb button_one_border_radius__hover_enabled=\u00bboff\u00bb button_two_border_radius__hover_enabled=\u00bboff\u00bb button_letter_spacing__hover_enabled=\u00bboff\u00bb button_one_letter_spacing__hover_enabled=\u00bboff\u00bb button_two_letter_spacing__hover_enabled=\u00bboff\u00bb button_bg_color__hover_enabled=\u00bboff\u00bb button_one_bg_color__hover_enabled=\u00bboff\u00bb button_two_bg_color__hover_enabled=\u00bboff\u00bb][\/et_pb_contact_field][et_pb_contact_field field_id=\u00bbMessage\u00bb field_title=\u00bbMensaje\u00bb field_type=\u00bbtext\u00bb fullwidth_field=\u00bbon\u00bb _builder_version=\u00bb3.16&#8243; button_text_size__hover_enabled=\u00bboff\u00bb button_one_text_size__hover_enabled=\u00bboff\u00bb button_two_text_size__hover_enabled=\u00bboff\u00bb button_text_color__hover_enabled=\u00bboff\u00bb button_one_text_color__hover_enabled=\u00bboff\u00bb button_two_text_color__hover_enabled=\u00bboff\u00bb button_border_width__hover_enabled=\u00bboff\u00bb button_one_border_width__hover_enabled=\u00bboff\u00bb button_two_border_width__hover_enabled=\u00bboff\u00bb button_border_color__hover_enabled=\u00bboff\u00bb button_one_border_color__hover_enabled=\u00bboff\u00bb button_two_border_color__hover_enabled=\u00bboff\u00bb button_border_radius__hover_enabled=\u00bboff\u00bb button_one_border_radius__hover_enabled=\u00bboff\u00bb button_two_border_radius__hover_enabled=\u00bboff\u00bb button_letter_spacing__hover_enabled=\u00bboff\u00bb button_one_letter_spacing__hover_enabled=\u00bboff\u00bb button_two_letter_spacing__hover_enabled=\u00bboff\u00bb button_bg_color__hover_enabled=\u00bboff\u00bb button_one_bg_color__hover_enabled=\u00bboff\u00bb button_two_bg_color__hover_enabled=\u00bboff\u00bb][\/et_pb_contact_field][et_pb_contact_field field_id=\u00bbpoliticas\u00bb field_title=\u00bbCampos obligatorios\u00bb field_type=\u00bbcheckbox\u00bb checkbox_options=\u00bb%91{%22value%22:%22Politicas de Privacidad%22,%22checked%22:0,%22dragID%22:-1}%93&#8243; fullwidth_field=\u00bbon\u00bb _builder_version=\u00bb4.2.2&#8243; form_field_background_color=\u00bb#ffffff\u00bb form_field_text_color=\u00bb#e09900&#8243; form_field_focus_background_color=\u00bb#e09900&#8243; form_field_focus_text_color=\u00bb#e09900&#8243; background_color=\u00bbrgba(0,0,0,0)\u00bb background_enable_color=\u00bbon\u00bb][\/et_pb_contact_field][\/et_pb_contact_form][\/et_pb_column][\/et_pb_row][et_pb_row _builder_version=\u00bb4.2.2&#8243;][et_pb_column type=\u00bb4_4&#8243; _builder_version=\u00bb4.2.2&#8243;][et_pb_text disabled_on=\u00bbon|on|on\u00bb _builder_version=\u00bb4.2.2&#8243; header_2_font=\u00bbVerdana||||||||\u00bb header_2_text_color=\u00bb#398d73&#8243; header_2_font_size=\u00bb31px\u00bb disabled=\u00bbon\u00bb]<\/p>\n<h2 style=\"text-align: center;\"><span style=\"color: #ffffff;\"><b>Organizaciones que nos apoyan<\/b><\/span><\/h2>\n<p>&nbsp;<\/p>\n<p>[\/et_pb_text][\/et_pb_column][\/et_pb_row][\/et_pb_section]<\/p>\n","protected":false},"excerpt":{"rendered":"<p>[et_pb_section fb_built=\u00bb1&#8243; admin_label=\u00bbsection\u00bb _builder_version=\u00bb4.2.2&#8243; background_color=\u00bb#7cda24&#8243; use_background_color_gradient=\u00bbon\u00bb background_image=\u00bbhttps:\/\/tietarentransicion.org\/wp-content\/uploads\/2024\/02\/PVTT-Vista-rosarito1.jpg\u00bb custom_padding=\u00bb216px||95px|||\u00bb][et_pb_row _builder_version=\u00bb4.2.2&#8243;][et_pb_column type=\u00bb4_4&#8243; _builder_version=\u00bb4.2.2&#8243;][et_pb_text content_tablet=\u00bb\u00bb content_phone=\u00bb\u00bb content_last_edited=\u00bbon|desktop\u00bb _builder_version=\u00bb4.2.2&#8243; header_text_color=\u00bb#ffffff\u00bb header_font_size=\u00bb48px\u00bb header_line_height=\u00bb1.4em\u00bb header_2_text_color=\u00bb#ffffff\u00bb header_2_font_size=\u00bb39px\u00bb header_2_line_height=\u00bb1.2em\u00bb custom_margin=\u00bb60px||69px|||\u00bb header_font_size_tablet=\u00bb40px\u00bb header_font_size_phone=\u00bb34px\u00bb header_font_size_last_edited=\u00bbon|phone\u00bb header_text_shadow_style=\u00bbpreset1&#8243;] El Valle del Ti\u00e9tar, un tesoro natural que combina biodiversidad, cultura y calidad de vida [\/et_pb_text][\/et_pb_column][\/et_pb_row][\/et_pb_section][et_pb_section fb_built=\u00bb1&#8243; _builder_version=\u00bb4.2.2&#8243;][et_pb_row _builder_version=\u00bb4.2.2&#8243;][et_pb_column type=\u00bb4_4&#8243; _builder_version=\u00bb4.2.2&#8243;][et_pb_text _builder_version=\u00bb4.2.2&#8243;] En esta secci\u00f3n puedes documentarte sobre las [&hellip;]<\/p>\n","protected":false},"author":1,"featured_media":0,"parent":0,"menu_order":0,"comment_status":"closed","ping_status":"closed","template":"","meta":{"_et_pb_use_builder":"on","_et_pb_old_content":"<!-- wp:paragraph -->\r\n<p>This is an example page. It's different from a blog post because it will stay in one place and will show up in your site navigation (in most themes). Most people start with an About page that introduces them to potential site visitors. It might say something like this:<\/p>\r\n<!-- \/wp:paragraph -->\r\n\r\n<!-- wp:quote -->\r\n<blockquote class=\"wp-block-quote\"><p>Hi there! I'm a bike messenger by day, aspiring actor by night, and this is my website. I live in Los Angeles, have a great dog named Jack, and I like pi\u00f1a coladas. (And gettin' caught in the rain.)<\/p><\/blockquote>\r\n<!-- \/wp:quote -->\r\n\r\n<!-- wp:paragraph -->\r\n<p>...or something like this:<\/p>\r\n<!-- \/wp:paragraph -->\r\n\r\n<!-- wp:quote -->\r\n<blockquote class=\"wp-block-quote\"><p>The XYZ Doohickey Company was founded in 1971, and has been providing quality doohickeys to the public ever since. Located in Gotham City, XYZ employs over 2,000 people and does all kinds of awesome things for the Gotham community.<\/p><\/blockquote>\r\n<!-- \/wp:quote -->\r\n\r\n<!-- wp:paragraph -->\r\n<p>As a new WordPress user, you should go to <a href=\"https:\/\/tietarentransicion.org\/wp-admin\/\">your dashboard<\/a> to delete this page and create new pages for your content. Have fun!<\/p>\r\n<!-- \/wp:paragraph -->","_et_gb_content_width":"","footnotes":""},"class_list":["post-93","page","type-page","status-publish","hentry"],"yoast_head":"<!-- This site is optimized with the Yoast SEO plugin v27.6 - https:\/\/yoast.com\/product\/yoast-seo-wordpress\/ -->\n<title>Conoce el Valle del Ti\u00e9tar - Tietar en Transici\u00f3n<\/title>\n<meta name=\"description\" content=\"El Valle del Ti\u00e9tar es un para\u00edso natural situado en el centro de la Pen\u00ednsula Ib\u00e9rica. Conoce aqu\u00ed sus caracter\u00edsticas m\u00e1s relevantes.\" \/>\n<meta name=\"robots\" content=\"index, follow, max-snippet:-1, max-image-preview:large, max-video-preview:-1\" \/>\n<link rel=\"canonical\" href=\"https:\/\/tietarentransicion.org\/index.php\/conoce-el-valle-del-tietar\/\" \/>\n<meta property=\"og:locale\" content=\"es_ES\" \/>\n<meta property=\"og:type\" content=\"article\" \/>\n<meta property=\"og:title\" content=\"Conoce el Valle del Ti\u00e9tar - Tietar en Transici\u00f3n\" \/>\n<meta property=\"og:description\" content=\"El Valle del Ti\u00e9tar es un para\u00edso natural situado en el centro de la Pen\u00ednsula Ib\u00e9rica. Conoce aqu\u00ed sus caracter\u00edsticas m\u00e1s relevantes.\" \/>\n<meta property=\"og:url\" content=\"https:\/\/tietarentransicion.org\/index.php\/conoce-el-valle-del-tietar\/\" \/>\n<meta property=\"og:site_name\" content=\"Tietar en Transici\u00f3n\" \/>\n<meta property=\"article:modified_time\" content=\"2025-04-08T10:09:03+00:00\" \/>\n<meta name=\"twitter:card\" content=\"summary_large_image\" \/>\n<meta name=\"twitter:label1\" content=\"Tiempo de lectura\" \/>\n\t<meta name=\"twitter:data1\" content=\"10 minutos\" \/>\n<script type=\"application\/ld+json\" class=\"yoast-schema-graph\">{\"@context\":\"https:\\\/\\\/schema.org\",\"@graph\":[{\"@type\":\"WebPage\",\"@id\":\"https:\\\/\\\/tietarentransicion.org\\\/index.php\\\/conoce-el-valle-del-tietar\\\/\",\"url\":\"https:\\\/\\\/tietarentransicion.org\\\/index.php\\\/conoce-el-valle-del-tietar\\\/\",\"name\":\"Conoce el Valle del Ti\u00e9tar - Tietar en Transici\u00f3n\",\"isPartOf\":{\"@id\":\"https:\\\/\\\/tietarentransicion.org\\\/#website\"},\"datePublished\":\"2024-03-29T18:10:47+00:00\",\"dateModified\":\"2025-04-08T10:09:03+00:00\",\"description\":\"El Valle del Ti\u00e9tar es un para\u00edso natural situado en el centro de la Pen\u00ednsula Ib\u00e9rica. Conoce aqu\u00ed sus caracter\u00edsticas m\u00e1s relevantes.\",\"breadcrumb\":{\"@id\":\"https:\\\/\\\/tietarentransicion.org\\\/index.php\\\/conoce-el-valle-del-tietar\\\/#breadcrumb\"},\"inLanguage\":\"es\",\"potentialAction\":[{\"@type\":\"ReadAction\",\"target\":[\"https:\\\/\\\/tietarentransicion.org\\\/index.php\\\/conoce-el-valle-del-tietar\\\/\"]}]},{\"@type\":\"BreadcrumbList\",\"@id\":\"https:\\\/\\\/tietarentransicion.org\\\/index.php\\\/conoce-el-valle-del-tietar\\\/#breadcrumb\",\"itemListElement\":[{\"@type\":\"ListItem\",\"position\":1,\"name\":\"Portada\",\"item\":\"https:\\\/\\\/tietarentransicion.org\\\/\"},{\"@type\":\"ListItem\",\"position\":2,\"name\":\"Conoce el Valle del Ti\u00e9tar\"}]},{\"@type\":\"WebSite\",\"@id\":\"https:\\\/\\\/tietarentransicion.org\\\/#website\",\"url\":\"https:\\\/\\\/tietarentransicion.org\\\/\",\"name\":\"Tietar en Transici\u00f3n\",\"description\":\"\",\"potentialAction\":[{\"@type\":\"SearchAction\",\"target\":{\"@type\":\"EntryPoint\",\"urlTemplate\":\"https:\\\/\\\/tietarentransicion.org\\\/?s={search_term_string}\"},\"query-input\":{\"@type\":\"PropertyValueSpecification\",\"valueRequired\":true,\"valueName\":\"search_term_string\"}}],\"inLanguage\":\"es\"}]}<\/script>\n<!-- \/ Yoast SEO plugin. -->","yoast_head_json":{"title":"Conoce el Valle del Ti\u00e9tar - Tietar en Transici\u00f3n","description":"El Valle del Ti\u00e9tar es un para\u00edso natural situado en el centro de la Pen\u00ednsula Ib\u00e9rica. Conoce aqu\u00ed sus caracter\u00edsticas m\u00e1s relevantes.","robots":{"index":"index","follow":"follow","max-snippet":"max-snippet:-1","max-image-preview":"max-image-preview:large","max-video-preview":"max-video-preview:-1"},"canonical":"https:\/\/tietarentransicion.org\/index.php\/conoce-el-valle-del-tietar\/","og_locale":"es_ES","og_type":"article","og_title":"Conoce el Valle del Ti\u00e9tar - Tietar en Transici\u00f3n","og_description":"El Valle del Ti\u00e9tar es un para\u00edso natural situado en el centro de la Pen\u00ednsula Ib\u00e9rica. Conoce aqu\u00ed sus caracter\u00edsticas m\u00e1s relevantes.","og_url":"https:\/\/tietarentransicion.org\/index.php\/conoce-el-valle-del-tietar\/","og_site_name":"Tietar en Transici\u00f3n","article_modified_time":"2025-04-08T10:09:03+00:00","twitter_card":"summary_large_image","twitter_misc":{"Tiempo de lectura":"10 minutos"},"schema":{"@context":"https:\/\/schema.org","@graph":[{"@type":"WebPage","@id":"https:\/\/tietarentransicion.org\/index.php\/conoce-el-valle-del-tietar\/","url":"https:\/\/tietarentransicion.org\/index.php\/conoce-el-valle-del-tietar\/","name":"Conoce el Valle del Ti\u00e9tar - Tietar en Transici\u00f3n","isPartOf":{"@id":"https:\/\/tietarentransicion.org\/#website"},"datePublished":"2024-03-29T18:10:47+00:00","dateModified":"2025-04-08T10:09:03+00:00","description":"El Valle del Ti\u00e9tar es un para\u00edso natural situado en el centro de la Pen\u00ednsula Ib\u00e9rica. Conoce aqu\u00ed sus caracter\u00edsticas m\u00e1s relevantes.","breadcrumb":{"@id":"https:\/\/tietarentransicion.org\/index.php\/conoce-el-valle-del-tietar\/#breadcrumb"},"inLanguage":"es","potentialAction":[{"@type":"ReadAction","target":["https:\/\/tietarentransicion.org\/index.php\/conoce-el-valle-del-tietar\/"]}]},{"@type":"BreadcrumbList","@id":"https:\/\/tietarentransicion.org\/index.php\/conoce-el-valle-del-tietar\/#breadcrumb","itemListElement":[{"@type":"ListItem","position":1,"name":"Portada","item":"https:\/\/tietarentransicion.org\/"},{"@type":"ListItem","position":2,"name":"Conoce el Valle del Ti\u00e9tar"}]},{"@type":"WebSite","@id":"https:\/\/tietarentransicion.org\/#website","url":"https:\/\/tietarentransicion.org\/","name":"Tietar en Transici\u00f3n","description":"","potentialAction":[{"@type":"SearchAction","target":{"@type":"EntryPoint","urlTemplate":"https:\/\/tietarentransicion.org\/?s={search_term_string}"},"query-input":{"@type":"PropertyValueSpecification","valueRequired":true,"valueName":"search_term_string"}}],"inLanguage":"es"}]}},"_links":{"self":[{"href":"https:\/\/tietarentransicion.org\/index.php\/wp-json\/wp\/v2\/pages\/93","targetHints":{"allow":["GET"]}}],"collection":[{"href":"https:\/\/tietarentransicion.org\/index.php\/wp-json\/wp\/v2\/pages"}],"about":[{"href":"https:\/\/tietarentransicion.org\/index.php\/wp-json\/wp\/v2\/types\/page"}],"author":[{"embeddable":true,"href":"https:\/\/tietarentransicion.org\/index.php\/wp-json\/wp\/v2\/users\/1"}],"replies":[{"embeddable":true,"href":"https:\/\/tietarentransicion.org\/index.php\/wp-json\/wp\/v2\/comments?post=93"}],"version-history":[{"count":12,"href":"https:\/\/tietarentransicion.org\/index.php\/wp-json\/wp\/v2\/pages\/93\/revisions"}],"predecessor-version":[{"id":408,"href":"https:\/\/tietarentransicion.org\/index.php\/wp-json\/wp\/v2\/pages\/93\/revisions\/408"}],"wp:attachment":[{"href":"https:\/\/tietarentransicion.org\/index.php\/wp-json\/wp\/v2\/media?parent=93"}],"curies":[{"name":"wp","href":"https:\/\/api.w.org\/{rel}","templated":true}]}}